{"id":4731,"date":"2022-04-28T11:39:07","date_gmt":"2022-04-28T11:39:07","guid":{"rendered":"https:\/\/cronos-public-services.be\/politique-de-confidentialite\/"},"modified":"2025-05-12T14:50:57","modified_gmt":"2025-05-12T14:50:57","slug":"politique-de-confidentialite","status":"publish","type":"page","link":"https:\/\/cronos-public-services.be\/fr\/politique-de-confidentialite\/","title":{"rendered":"Politique de confidentialit\u00e9"},"content":{"rendered":"<section class=\"l-section wpb_row height_large\"><div class=\"l-section-h i-cf\"><div class=\"g-cols vc_row via_grid cols_1 laptops-cols_inherit tablets-cols_inherit mobiles-cols_1 valign_top type_default stacking_default\"><div class=\"wpb_column vc_column_container\"><div class=\"vc_column-inner\"><div class=\"g-cols wpb_row via_grid cols_1 laptops-cols_inherit tablets-cols_inherit mobiles-cols_1 valign_top type_default stacking_default\" style=\"--columns-gap:3rem;\"><div class=\"wpb_column vc_column_container\"><div class=\"vc_column-inner\"><div class=\"wpb_text_column\"><div class=\"wpb_wrapper\"><h1>Politique de Confidentialit\u00e9<\/h1>\n<p>Cronos Public Services attache une grande importance \u00e0 la protection de votre vie priv\u00e9e et au traitement soigneux de vos donn\u00e9es personnelles. C&rsquo;est pourquoi nous nous effor\u00e7ons de vous expliquer dans un langage clair et simple, par le biais de cette d\u00e9claration de confidentialit\u00e9, quelles sont les donn\u00e9es personnelles que nous collectons aupr\u00e8s de vous, \u00e0 quelles fins nous les utilisons et quels sont vos droits \u00e0 cet \u00e9gard.<\/p>\n<p>La pr\u00e9sente version de la d\u00e9claration de confidentialit\u00e9 (version : 1.1.) est dat\u00e9e du 8 mai 2025.<\/p>\n<h2>1. Qui sommes-nous ?<\/h2>\n<p>\u00ab Nous \u00bb, \u201cNous\u201d, \u201cnotre\u201d ou \u201cnos\u201d d\u00e9signe Cronos Public Services NV, dont le si\u00e8ge social est situ\u00e9 \u00e0 2550 Kontich, Veldkant 33A et dont le num\u00e9ro d&rsquo;entreprise est 0458.085.765.<\/p>\n<p>Si vous avez des questions, des commentaires ou des plaintes concernant cet avis de confidentialit\u00e9 ou le traitement de vos donn\u00e9es personnelles &#8211; ou si vous souhaitez exercer l&rsquo;un de vos droits &#8211; veuillez nous contacter par e-mail \u00e0 l&rsquo;adresse dpo@cronos.be.<\/p>\n<h2>2. Champ d&rsquo;application<\/h2>\n<p>La pr\u00e9sente d\u00e9claration de confidentialit\u00e9 s&rsquo;applique \u00e0 ce site web (https:\/\/cronos-public-services.be), \u00e0 nos activit\u00e9s de marketing direct et \u00e0 l&rsquo;organisation g\u00e9n\u00e9rale de Cronos Public Services.<\/p>\n<h2>3. Pourquoi et comment traitons-nous vos donn\u00e9es personnelles ?<\/h2>\n<p>Lorsque vous visitez notre site web et\/ou que vous \u00eates en contact avec nous, certaines donn\u00e9es personnelles peuvent \u00eatre trait\u00e9es. Vous trouverez ci-dessous de plus amples informations sur les diff\u00e9rentes activit\u00e9s de traitement qui peuvent s&rsquo;appliquer \u00e0 vous.<\/p>\n<h3>3.1 Utilisation de notre site web<\/h3>\n<p>Lorsque vous visitez notre site web, nous pouvons traiter des donn\u00e9es \u00e0 caract\u00e8re personnel en utilisant des techniques en ligne telles que des cookies, des traceurs, des scripts et des technologies similaires (ci-apr\u00e8s d\u00e9nomm\u00e9s \u00ab cookies \u00bb). Il peut s&rsquo;agir (1) de cookies essentiels qui sont strictement n\u00e9cessaires pour envoyer un message via un r\u00e9seau de communications \u00e9lectroniques, pour assurer la s\u00e9curit\u00e9 de notre site web ou pour stocker des informations sur la fourniture d&rsquo;un service que vous avez express\u00e9ment demand\u00e9 ; (2) de cookies fonctionnels qui fa\u00e7onnent davantage votre utilisation de notre site web ; (3) de cookies analytiques pour mesurer et analyser votre utilisation de notre site web ; (4) de cookies marketing pour vous fournir des publicit\u00e9s (personnalis\u00e9es) ; et (5) d&rsquo;autres cookies de tiers que nous autorisons sur notre site web.<\/p>\n<p>Vous trouverez de plus amples informations \u00e0 ce sujet dans notre d\u00e9claration relative aux cookies (https:\/\/cronos-public-services.be\/cookie-policy\/).<\/p>\n<h3>3.2 Contact via le site web<\/h3>\n<p>Des formulaires de contact sont disponibles sur notre site web pour nous contacter. Nous traitons ces donn\u00e9es \u00e0 caract\u00e8re personnel pour r\u00e9pondre \u00e0 votre demande de contact, mais ce faisant, nous n&rsquo;avons aucune visibilit\u00e9 ni aucun contr\u00f4le sur les autres donn\u00e9es \u00e0 caract\u00e8re personnel que vous pourriez nous communiquer par l&rsquo;interm\u00e9diaire des champs ouverts. Veuillez ne pas inclure de donn\u00e9es confidentielles ou sensibles. Vous pouvez toujours nous contacter par courrier \u00e9lectronique ou par t\u00e9l\u00e9phone.<\/p>\n<p>Ce traitement est fond\u00e9 sur nos int\u00e9r\u00eats l\u00e9gitimes. Vous pouvez toujours vous y opposer conform\u00e9ment aux conditions d\u00e9crites sous \u00ab Droit d&rsquo;opposition \u00bb dans le chapitre \u00ab Quels sont vos droits et comment les exercer \u00bb.<\/p>\n<ul>\n<li><strong>Quelles sont les donn\u00e9es personnelles que nous traitons <\/strong>\n<ul>\n<li>Donn\u00e9es d&rsquo;identification et de contact (nom et pr\u00e9nom, fonction, adresse \u00e9lectronique, num\u00e9ro de t\u00e9l\u00e9phone) ;<\/li>\n<li>Autres donn\u00e9es \u00e9ventuellement communiqu\u00e9es spontan\u00e9ment dans le formulaire de contact :\n<ul>\n<li>Donn\u00e9es professionnelles ;<\/li>\n<li>Donn\u00e9es personnelles ;<\/li>\n<li>Etc.<\/li>\n<\/ul>\n<\/li>\n<\/ul>\n<\/li>\n<li><strong>Comment obtenons-nous ces donn\u00e9es personnelles ?<\/strong> Directement aupr\u00e8s de vous lorsque vous remplissez notre formulaire de contact.<\/li>\n<li><strong>Combien de temps les conservons-nous ?<\/strong> Jusqu&rsquo;\u00e0 ce que vous vous opposiez au traitement de vos donn\u00e9es personnelles re\u00e7ues par le biais du formulaire de contact.<\/li>\n<li><strong>Avec qui pouvons-nous partager ces donn\u00e9es personnelles (autres que les soci\u00e9t\u00e9s affili\u00e9es et associ\u00e9es) ?<\/strong> Les sous-traitants (tels que, par exemple, notre partenaire d&rsquo;h\u00e9bergement) sur lesquels nous nous appuyons pour traiter les donn\u00e9es dans le cadre de notre site web, de la gestion des contacts ou des relations.<\/li>\n<li><strong>Ces activit\u00e9s impliquent-elles des transferts en dehors de l&rsquo;EEE ?<\/strong> Non<\/li>\n<\/ul>\n<h3>3.3 Gestion des relations avec les clients (y compris la prospection de nouveaux clients)<\/h3>\n<p>Cronos Public Services est toujours \u00e0 la recherche de nouveaux clients, \u00e9tablissant activement de nouveaux contacts \u00e0 cette fin et \u00e9tablissant des relations avec les clients existants. Dans ce cadre, vos donn\u00e9es \u00e0 caract\u00e8re personnel sont trait\u00e9es (par exemple, pour vous inviter \u00e0 d&rsquo;autres formes de communication, \u00e0 un \u00e9v\u00e9nement&#8230;).<\/p>\n<p>Ce traitement est effectu\u00e9 sur la base de nos int\u00e9r\u00eats l\u00e9gitimes. Vous pouvez toujours vous y opposer dans les conditions d\u00e9crites sous \u00ab droit d&rsquo;opposition \u00bb dans le chapitre \u00ab Quels sont vos droits et comment les exercer \u00bb.<\/p>\n<ul>\n<li><strong>Quelles sont les donn\u00e9es \u00e0 caract\u00e8re personnel que nous traitons ?<\/strong>\n<ul>\n<li>Donn\u00e9es d&rsquo;identification et de contact (nom et pr\u00e9nom, adresse \u00e9lectronique, etc.)<\/li>\n<li>Autres donn\u00e9es susceptibles d&rsquo;\u00eatre obtenues lors de contacts ult\u00e9rieurs :\n<ul>\n<li>Donn\u00e9es professionnelles<\/li>\n<li>Activit\u00e9s de loisirs et int\u00e9r\u00eats<\/li>\n<li>Donn\u00e9es personnelles<\/li>\n<li>&#8230;<\/li>\n<\/ul>\n<\/li>\n<\/ul>\n<\/li>\n<li>\u00a0<strong>Comment obtenons-nous ces donn\u00e9es personnelles ?<\/strong> Directement aupr\u00e8s de vous par le biais de la gestion des relations avec la client\u00e8le.<\/li>\n<li><strong>Combien de temps les conservons-nous ?<\/strong> Jusqu&rsquo;\u00e0 10 ans apr\u00e8s la fin de la derni\u00e8re mission ou du dernier contact.<\/li>\n<li><strong>Avec qui pouvons-nous partager ces donn\u00e9es personnelles (autres que les soci\u00e9t\u00e9s affili\u00e9es et associ\u00e9es) ?<\/strong> Les sous-traitants (tels que, par exemple, notre plateforme CRM) que nous utilisons dans le cadre de notre gestion des relations et du suivi des activit\u00e9s de vente op\u00e9rationnelles.<\/li>\n<li><strong>Ces activit\u00e9s impliquent-elles des transferts en dehors de l&rsquo;EEE ?<\/strong> Non<\/li>\n<\/ul>\n<p>&nbsp;<\/p>\n<h3>3.4 Envoi de bulletins d&rsquo;information<\/h3>\n<p>Sur notre site web, vous pouvez vous abonner \u00e0 notre lettre d&rsquo;information. Nous traitons ces donn\u00e9es \u00e0 caract\u00e8re personnel pour vous contacter lorsqu&rsquo;une nouvelle lettre d&rsquo;information est disponible pour vous.<\/p>\n<p>Ce traitement est effectu\u00e9 sur la base de votre consentement. Vous avez la possibilit\u00e9 de retirer votre consentement \u00e0 tout moment, sans pr\u00e9judice de la l\u00e9galit\u00e9 du traitement des donn\u00e9es jusqu&rsquo;au moment o\u00f9 le retrait a eu lieu. Concr\u00e8tement, cela signifie que votre consentement reste valable pour toutes les lettres d&rsquo;information pr\u00e9c\u00e9dentes, mais que vous ne recevrez plus de lettres d&rsquo;information.<\/p>\n<ul>\n<li><strong>Quelles sont les donn\u00e9es \u00e0 caract\u00e8re personnel que nous traitons ?<\/strong> Donn\u00e9es d&rsquo;identification et de contact (nom et pr\u00e9nom, adresse \u00e9lectronique).<\/li>\n<li><strong>Comment obtenons-nous ces donn\u00e9es \u00e0 caract\u00e8re personnel ?<\/strong> Directement aupr\u00e8s de vous lors de votre inscription.<\/li>\n<li><strong>Combien de temps les conservons-nous ?<\/strong> Tant que le consentement n&rsquo;est pas retir\u00e9<\/li>\n<li><strong>Avec qui pouvons-nous partager ces donn\u00e9es personnelles (autres que les soci\u00e9t\u00e9s affili\u00e9es et associ\u00e9es) ?<\/strong> Les sous-traitants (tels que, par exemple, notre plateforme de courrier \u00e9lectronique) sur lesquels nous nous appuyons aux fins de notre site web ou de l&rsquo;envoi de notre lettre d&rsquo;information.<\/li>\n<li><strong>Ces activit\u00e9s impliquent-elles des transferts en dehors de l&rsquo;EEE ?<\/strong> Non<\/li>\n<\/ul>\n<p>&nbsp;<\/p>\n<h3>3.5 Recrutement et s\u00e9lection<\/h3>\n<p>Lorsque vous postulez (spontan\u00e9ment) \u00e0 un poste chez Cronos Public Services, Cronos Public Services traite des donn\u00e9es \u00e0 caract\u00e8re personnel vous concernant. Nous le faisons en vue de recruter et de s\u00e9lectionner des employ\u00e9s pour des postes vacants ou \u00e0 venir.<\/p>\n<p>Ce traitement (y compris la cr\u00e9ation d&rsquo;une r\u00e9serve de recrutement) est effectu\u00e9 sur la base de nos int\u00e9r\u00eats l\u00e9gitimes. Vous pouvez toujours vous y opposer conform\u00e9ment aux conditions d\u00e9crites dans le paragraphe \u00ab Droit d&rsquo;opposition \u00bb de la section \u00ab Quels sont vos droits et comment les exercer \u00bb.<\/p>\n<p>Lorsque Cronos Public Services recrute activement, il traite des donn\u00e9es \u00e0 caract\u00e8re personnel vous concernant. Cela se fait uniquement sur la base de donn\u00e9es accessibles au public vous concernant (par exemple sur des plateformes telles que LinkedIn et Google) ou de donn\u00e9es qui nous sont fournies par des tiers. Ce traitement est effectu\u00e9 sur la base de l&rsquo;int\u00e9r\u00eat l\u00e9gitime de Cronos Public Services. Vous pouvez toujours vous y opposer conform\u00e9ment aux conditions d\u00e9crites sous \u00ab Droit d&rsquo;opposition \u00bb dans le chapitre \u00ab Quels sont vos droits et comment les exercer \u00bb.<\/p>\n<p>Enfin, nous d\u00e9clarons notre int\u00e9r\u00eat l\u00e9gitime \u00e0 transmettre vos donn\u00e9es personnelles \u00e0 nos soci\u00e9t\u00e9s affili\u00e9es et associ\u00e9es dans le cadre de notre processus de recrutement. Nous le faisons toujours dans le but de trouver une mission qui vous convienne. Vous pouvez toujours vous y opposer dans les conditions d\u00e9crites sous \u00ab Droit d&rsquo;opposition \u00bb dans le chapitre \u00ab Quels sont vos droits et comment les exercer \u00bb.<\/p>\n<ul>\n<li><strong>Quelles sont les donn\u00e9es personnelles que nous traitons ?<\/strong>\n<ul>\n<li>Identification et coordonn\u00e9es<\/li>\n<li>Autres donn\u00e9es pouvant figurer sur votre CV :\n<ul>\n<li>Caract\u00e9ristiques personnelles<\/li>\n<li>Donn\u00e9es psychologiques (cfr. une description de votre personnalit\u00e9 ou de votre caract\u00e8re)<\/li>\n<li>Activit\u00e9s de loisirs et int\u00e9r\u00eats<\/li>\n<li>Programme d&rsquo;\u00e9tudes<\/li>\n<li>Comp\u00e9tences professionnelles<\/li>\n<li>Exp\u00e9rience professionnelle<\/li>\n<li>Carri\u00e8re<\/li>\n<li>Donn\u00e9es professionnelles (cfr. handicap (partiel))<\/li>\n<li>Num\u00e9ro de permis de conduire<\/li>\n<li>\u00a0&#8230;<\/li>\n<\/ul>\n<\/li>\n<\/ul>\n<\/li>\n<li><strong>Comment obtenons-nous ces donn\u00e9es personnelles ?<\/strong>\n<ul>\n<li>Candidature (spontan\u00e9e) : directement aupr\u00e8s de vous au moment de votre candidature<\/li>\n<li>Recrutement actif : via des tiers tels que des plateformes publiques ou des interm\u00e9diaires.<\/li>\n<\/ul>\n<\/li>\n<li><strong>Combien de temps les conservons-nous ?<\/strong>\n<ul>\n<li>Dans le cas des candidats faisant partie de notre r\u00e9serve de recrutement : tant qu&rsquo;aucune objection au traitement n&rsquo;est soulev\u00e9e, les donn\u00e9es \u00e0 caract\u00e8re personnel sont conserv\u00e9es pendant une p\u00e9riode maximale de cinq ans \u00e0 compter de la date de la candidature.<\/li>\n<\/ul>\n<\/li>\n<li><strong>Avec qui pouvons-nous partager ces donn\u00e9es \u00e0 caract\u00e8re personnel (autres que les soci\u00e9t\u00e9s affili\u00e9es et associ\u00e9es) ?<\/strong>\n<ul>\n<li>Les sous-traitants (par exemple les agences de recrutement) auxquels nous faisons appel pour le recrutement et la s\u00e9lection.<\/li>\n<\/ul>\n<\/li>\n<li><strong>Ces activit\u00e9s impliquent-elles des transferts en dehors de l&rsquo;EEE ?<\/strong> Non<\/li>\n<\/ul>\n<p>&nbsp;<\/p>\n<h3>3.6 Gestion des relations avec les fournisseurs (y compris la prospection de nouveaux fournisseurs)<\/h3>\n<p>Cronos Public Services coop\u00e8re avec les fournisseurs, en \u00e9tablissant activement de nouveaux contacts \u00e0 cette fin et en \u00e9tablissant des relations avec les fournisseurs existants. Dans ce cadre, les donn\u00e9es \u00e0 caract\u00e8re personnel des employ\u00e9s de nos fournisseurs (par exemple, les gestionnaires de comptes) sont trait\u00e9es.<\/p>\n<p>Ce traitement est effectu\u00e9 sur la base de l&rsquo;int\u00e9r\u00eat l\u00e9gitime de Cronos Public Services. Vous pouvez toujours vous y opposer conform\u00e9ment aux conditions d\u00e9crites dans le paragraphe \u00ab Droit d&rsquo;opposition \u00bb de la section \u00ab Quels sont vos droits et comment pouvez-vous les exercer ?<\/p>\n<ul>\n<li><strong>Quelles sont les donn\u00e9es \u00e0 caract\u00e8re personnel que nous traitons ?<\/strong>\n<ul>\n<li>Identification et coordonn\u00e9es<\/li>\n<li>Autres donn\u00e9es susceptibles d&rsquo;\u00eatre obtenues lors de contacts ult\u00e9rieurs :\n<ul>\n<li>Donn\u00e9es professionnelles<\/li>\n<li>Activit\u00e9s de loisirs et int\u00e9r\u00eats<\/li>\n<li>Donn\u00e9es personnelles<\/li>\n<li>\u00a0&#8230;<\/li>\n<\/ul>\n<\/li>\n<\/ul>\n<\/li>\n<li><strong>Comment obtenons-nous ces donn\u00e9es personnelles ?<\/strong> Directement aupr\u00e8s de vous par le biais de la gestion des relations avec la client\u00e8le<\/li>\n<li><strong>Combien de temps les conservons-nous ?<\/strong> Jusqu&rsquo;\u00e0 10 ans apr\u00e8s la fin de la derni\u00e8re mission ou du dernier contact.<\/li>\n<li><strong>Avec qui pouvons-nous partager ces donn\u00e9es personnelles (autres que les soci\u00e9t\u00e9s affili\u00e9es et associ\u00e9es) ?<\/strong> Les sous-traitants (tels que, par exemple, notre plateforme CRM) sur lesquels nous nous appuyons dans le cadre de nos activit\u00e9s de gestion des relations.<\/li>\n<li><strong>Ces activit\u00e9s impliquent-elles un transfert en dehors de l&rsquo;EEE ?<\/strong> Non<\/li>\n<\/ul>\n<h2>4. Partage de donn\u00e9es \u00e0 caract\u00e8re personnel avec des tiers<\/h2>\n<p>Lorsque vous visitez notre site web ou utilisez nos produits et services en tant que client, nous pouvons faire appel \u00e0 des tiers, tels que des partenaires, des soci\u00e9t\u00e9s affili\u00e9es et associ\u00e9es et des fournisseurs, auxquels nous transmettons vos donn\u00e9es \u00e0 caract\u00e8re personnel. Ces tiers nous aident \u00e0 fournir, soutenir, d\u00e9velopper et comprendre l&rsquo;utilisation de nos produits et services et fournissent des services tels que l&rsquo;h\u00e9bergement, l&rsquo;assistance technique et \u00e0 la client\u00e8le, le marketing, l&rsquo;analyse, la fourniture de contenu et\/ou l&rsquo;ex\u00e9cution de paiement(s) en ligne, entre autres.<\/p>\n<p>Nous pouvons \u00e9galement partager des donn\u00e9es (y compris des donn\u00e9es personnelles) avec des tiers dans le cadre d&rsquo;une r\u00e9organisation, d&rsquo;une restructuration, d&rsquo;une fusion, d&rsquo;une vente ou d&rsquo;un autre transfert d&rsquo;actifs commerciaux. Nous partageons avec ces tiers les informations que vous nous fournissez, les informations collect\u00e9es automatiquement et les informations provenant d&rsquo;autres parties, dans la mesure o\u00f9 cela est n\u00e9cessaire pour leur permettre de fournir leurs services ou leur soutien. Dans les activit\u00e9s d\u00e9crites ci-dessus, nous indiquons pour chaque activit\u00e9 les cat\u00e9gories de tiers, autres que les soci\u00e9t\u00e9s affili\u00e9es et associ\u00e9es, avec lesquelles nous partageons vos donn\u00e9es \u00e0 caract\u00e8re personnel.<br \/>\nEn outre, il se peut que nous devions donner acc\u00e8s \u00e0 vos donn\u00e9es ou les transf\u00e9rer en raison d&rsquo;une obligation l\u00e9gale. Ceci aux autorit\u00e9s, aux agences gouvernementales ou \u00e0 d&rsquo;autres tiers.<\/p>\n<p>Enfin, nous pouvons transmettre vos donn\u00e9es si cela s&rsquo;av\u00e8re n\u00e9cessaire dans le cadre de votre int\u00e9r\u00eat vital.<\/p>\n<p>&nbsp;<\/p>\n<h2>5. Transfert de donn\u00e9es \u00e0 caract\u00e8re personnel en dehors de l&rsquo;EEE<\/h2>\n<p>Cronos Public Services s&rsquo;efforce toujours de limiter le transfert de donn\u00e9es \u00e0 caract\u00e8re personnel \u00e0 des tiers situ\u00e9s en dehors de l&rsquo;Espace \u00e9conomique europ\u00e9en (\u00ab EEE \u00bb).<\/p>\n<p>Si cela devait n\u00e9anmoins \u00eatre le cas, nous nous assurerons dans les plus brefs d\u00e9lais que ce transfert est conforme au RGPD (notamment par la pr\u00e9sence d&rsquo;une d\u00e9cision d&rsquo;ad\u00e9quation dans le pays concern\u00e9 ou la mise en place d&rsquo;une alternative appropri\u00e9e, des mesures suppl\u00e9mentaires si n\u00e9cessaire, etc.)<\/p>\n<p>Nous renvoyons \u00e0 la section \u00ab Pourquoi et comment traitons-nous vos donn\u00e9es personnelles ? \u00bb pour les transferts sp\u00e9cifiques.<\/p>\n<p>&nbsp;<\/p>\n<h2>6. Quels sont vos droits et comment pouvez-vous les exercer ?<\/h2>\n<p>Cronos Public Services consid\u00e8re qu&rsquo;il est important que vous gardiez toujours le contr\u00f4le sur le traitement de vos donn\u00e9es personnelles. Vous trouverez ci-dessous de plus amples informations sur les diff\u00e9rents droits dont vous disposez et que vous pouvez invoquer en ce qui concerne le traitement de vos donn\u00e9es \u00e0 caract\u00e8re personnel.<\/p>\n<p>En fonction du traitement et de la base juridique de ce traitement, l&rsquo;exercice des droits ci-dessous peut \u00eatre soumis \u00e0 certaines conditions ou restrictions.<\/p>\n<p>Nous vous fournirons donc plus d&rsquo;informations si certaines modalit\u00e9s sont li\u00e9es \u00e0 votre demande. En outre, nous pouvons demander des informations suppl\u00e9mentaires pour v\u00e9rifier votre identit\u00e9 afin que vos donn\u00e9es \u00e0 caract\u00e8re personnel ne soient pas supprim\u00e9es par erreur ou partag\u00e9es avec une personne qui n&rsquo;y a pas droit. Nous nous efforcerons de r\u00e9pondre \u00e0 votre demande sans retard d\u00e9raisonnable, mais en tout \u00e9tat de cause dans un d\u00e9lai d&rsquo;un mois \u00e0 compter de la r\u00e9ception de votre demande. Si nous ne pouvons pas r\u00e9pondre dans un d\u00e9lai d&rsquo;un mois et que nous souhaitons prolonger le d\u00e9lai, ou si nous ne donnons pas suite \u00e0 la demande, nous vous en informerons.<\/p>\n<h3>6.1 Droit d&rsquo;acc\u00e8s :<\/h3>\n<p>Si nous traitons vos donn\u00e9es \u00e0 caract\u00e8re personnel, vous avez le droit d&rsquo;acc\u00e9der \u00e0 vos donn\u00e9es \u00e0 caract\u00e8re personnel ainsi qu&rsquo;\u00e0 certaines informations suppl\u00e9mentaires d\u00e9crites dans le pr\u00e9sent avis de confidentialit\u00e9. Vous avez le droit de recevoir de notre part une copie des donn\u00e9es \u00e0 caract\u00e8re personnel que nous d\u00e9tenons, \u00e0 condition que cela ne porte pas atteinte aux droits et libert\u00e9s d&rsquo;autrui. La premi\u00e8re copie vous sera fournie gratuitement, mais sur demande r\u00e9p\u00e9t\u00e9e, nous nous r\u00e9servons le droit de facturer des frais raisonnables.<\/p>\n<h3>6.2 Droit de rectification :<\/h3>\n<p>Si les donn\u00e9es \u00e0 caract\u00e8re personnel que nous d\u00e9tenons \u00e0 votre sujet sont inexactes ou incompl\u00e8tes, vous avez le droit de les faire rectifier ou, compte tenu des finalit\u00e9s du traitement, de les faire compl\u00e9ter.<\/p>\n<h3>6.3. Droit de restreindre le traitement :<\/h3>\n<p>Vous avez le droit de faire limiter le traitement de vos donn\u00e9es \u00e0 caract\u00e8re personnel. Cela signifie que nous ne pouvons stocker les donn\u00e9es \u00e0 caract\u00e8re personnel et les utiliser qu&rsquo;\u00e0 des fins limit\u00e9es. Ce droit s&rsquo;applique dans l&rsquo;une des situations suivantes :<\/p>\n<ul>\n<li>Vous contestez l&rsquo;exactitude des donn\u00e9es \u00e0 caract\u00e8re personnel, pendant une p\u00e9riode qui nous permet de v\u00e9rifier l&rsquo;exactitude des donn\u00e9es \u00e0 caract\u00e8re personnel ;<\/li>\n<li>Le traitement est ill\u00e9gal, mais vous vous opposez \u00e0 l&rsquo;effacement des donn\u00e9es \u00e0 caract\u00e8re personnel et demandez plut\u00f4t que leur utilisation soit limit\u00e9e ;<\/li>\n<li>Nous n&rsquo;avons plus besoin de vos donn\u00e9es \u00e0 caract\u00e8re personnel pour les finalit\u00e9s de traitement d\u00e9crites ci-dessus, mais vous en avez besoin pour la constatation, l&rsquo;exercice ou la d\u00e9fense de droits en justice ; ou,<\/li>\n<li>vous vous \u00eates oppos\u00e9 \u00e0 un traitement et vous nous demandez de limiter le traitement en attendant la r\u00e9ponse \u00e0 la question de savoir si nos int\u00e9r\u00eats l&#8217;emportent sur les v\u00f4tres.<\/li>\n<\/ul>\n<p>Outre notre droit de stocker vos donn\u00e9es \u00e0 caract\u00e8re personnel, nous pouvons toujours les traiter, mais uniquement :<\/p>\n<ul>\n<li>Avec votre consentement ;<\/li>\n<li>Pour l&rsquo;\u00e9tablissement, l&rsquo;exercice ou la d\u00e9fense de r\u00e9clamations l\u00e9gales ;<\/li>\n<li>pour prot\u00e9ger les droits d&rsquo;une autre personne physique ou morale ; ou<\/li>\n<li>pour des raisons d&rsquo;int\u00e9r\u00eat public.<\/li>\n<\/ul>\n<p>Avant de lever la restriction au traitement de vos donn\u00e9es \u00e0 caract\u00e8re personnel, vous en serez inform\u00e9.<\/p>\n<h3>6.4 Droit \u00e0 la portabilit\u00e9 des donn\u00e9es :<\/h3>\n<p>Si le traitement de vos donn\u00e9es \u00e0 caract\u00e8re personnel est fond\u00e9 sur votre consentement et que le traitement est effectu\u00e9 au moyen de proc\u00e9d\u00e9s automatis\u00e9s, vous avez le droit de recevoir une copie de vos donn\u00e9es \u00e0 caract\u00e8re personnel dans un format structur\u00e9, commun et lisible par machine. Vous avez \u00e9galement le droit, lorsque cela est techniquement possible, d&rsquo;obtenir que nous transmettions directement vos donn\u00e9es \u00e0 caract\u00e8re personnel \u00e0 un tiers. Ce droit ne s&rsquo;applique pas lorsque cela porte atteinte aux droits et libert\u00e9s d&rsquo;autrui.<\/p>\n<h3>6.5. Droit d&rsquo;opposition :<\/h3>\n<p>Vous avez le droit de vous opposer au traitement de vos donn\u00e9es \u00e0 caract\u00e8re personnel dans le cadre des activit\u00e9s d\u00e9crites ci-dessus. Dans ce dernier cas, cela n&rsquo;est possible que si l&rsquo;activit\u00e9 est li\u00e9e (1) \u00e0 l&rsquo;ex\u00e9cution d&rsquo;une t\u00e2che d&rsquo;int\u00e9r\u00eat public ou \u00e0 l&rsquo;exercice d&rsquo;une t\u00e2che relevant de l&rsquo;autorit\u00e9 publique dont nous sommes investis ou (2) \u00e0 la protection de nos int\u00e9r\u00eats l\u00e9gitimes ou de ceux d&rsquo;un tiers.<\/p>\n<p>Si vous vous opposez au traitement de vos donn\u00e9es \u00e0 caract\u00e8re personnel, nous ne traiterons plus les donn\u00e9es \u00e0 caract\u00e8re personnel \u00e0 moins que nous puissions d\u00e9montrer des int\u00e9r\u00eats l\u00e9gitimes pour le traitement qui l&#8217;emportent sur vos int\u00e9r\u00eats, vos droits fondamentaux et vos libert\u00e9s.<\/p>\n<p>Si vos donn\u00e9es personnelles sont trait\u00e9es \u00e0 des fins de marketing direct, qu&rsquo;il s&rsquo;agisse d&rsquo;un traitement initial ou ult\u00e9rieur, vous avez le droit de vous opposer \u00e0 ce traitement \u00e0 tout moment et gratuitement, y compris dans le cas d&rsquo;un profilage dans la mesure o\u00f9 il est li\u00e9 au marketing direct. Si vous vous y opposez, nous cesserons de traiter vos donn\u00e9es \u00e0 caract\u00e8re personnel \u00e0 cette fin.<\/p>\n<h3>6.6. Droit \u00e0 l&rsquo;effacement des donn\u00e9es (droit \u00e0 l&rsquo;oubli) :<\/h3>\n<p>Vous avez le droit de nous demander d&rsquo;effacer vos donn\u00e9es \u00e0 caract\u00e8re personnel. Cela signifie que nous devons supprimer les donn\u00e9es \u00e0 caract\u00e8re personnel dans un d\u00e9lai raisonnable. Ce droit s&rsquo;applique si l&rsquo;une des situations suivantes se produit :<\/p>\n<ul>\n<li>Les donn\u00e9es \u00e0 caract\u00e8re personnel ne sont plus n\u00e9cessaires aux fins pour lesquelles elles ont \u00e9t\u00e9 collect\u00e9es ou trait\u00e9es d&rsquo;une autre mani\u00e8re ;<\/li>\n<li>Vous retirez votre consentement sur lequel le traitement est bas\u00e9, et il n&rsquo;y a pas d&rsquo;autre base l\u00e9gale pour le traitement de vos donn\u00e9es personnelles ;<\/li>\n<li>vos donn\u00e9es \u00e0 caract\u00e8re personnel ont \u00e9t\u00e9 trait\u00e9es de mani\u00e8re illicite ;<\/li>\n<li>L&rsquo;effacement de vos donn\u00e9es personnelles est n\u00e9cessaire pour se conformer \u00e0 la l\u00e9gislation europ\u00e9enne ou belge ;<\/li>\n<\/ul>\n<p>Si vous nous demandez d&rsquo;effacer vos donn\u00e9es \u00e0 caract\u00e8re personnel, nous les effacerons \u00e0 moins que l&rsquo;une des situations suivantes (exceptions) ne se produise :<\/p>\n<ul>\n<li>Le traitement s&rsquo;inscrit dans le cadre de l&rsquo;exercice du droit \u00e0 la libert\u00e9 d&rsquo;expression et d&rsquo;information ;<\/li>\n<li>L&rsquo;effacement n&rsquo;est pas n\u00e9cessaire pour des raisons de sant\u00e9 publique ;<\/li>\n<li>L&rsquo;effacement n&rsquo;est pas justifi\u00e9 par la n\u00e9cessit\u00e9 d&rsquo;archiver les donn\u00e9es dans l&rsquo;int\u00e9r\u00eat public ou \u00e0 des fins statistiques ;<\/li>\n<li>Il existe une obligation l\u00e9gale de conserver les donn\u00e9es ; ou,<\/li>\n<li>l&rsquo;effacement ne pose pas de probl\u00e8me en raison de l&rsquo;introduction, de l&rsquo;exercice ou de la justification d&rsquo;une action en justice.<\/li>\n<\/ul>\n<h3>6.7 Droit de retirer votre consentement :<\/h3>\n<p>Si vous avez donn\u00e9 votre consentement \u00e0 certains traitements de vos donn\u00e9es \u00e0 caract\u00e8re personnel, vous pouvez le retirer \u00e0 tout moment. Nous nous effor\u00e7ons de rendre le retrait de votre consentement aussi simple que possible et, dans la mesure du possible, aussi simple que l&rsquo;octroi de votre consentement.<\/p>\n<h2>7. Qui puis-je contacter si j&rsquo;ai d&rsquo;autres questions ou plaintes concernant la protection de la vie priv\u00e9e ?<\/h2>\n<p>Si, apr\u00e8s avoir lu cette d\u00e9claration de confidentialit\u00e9, vous avez d&rsquo;autres questions ou commentaires concernant la collecte et le traitement de vos donn\u00e9es \u00e0 caract\u00e8re personnel, vous pouvez toujours nous contacter \u00e0 l&rsquo;adresse \u00e9lectronique suivante : dpo@cronos.be, ou par courrier \u00e0 Cronos Public Services \u00e0 l&rsquo;attention du DPD, Veldkant 33A, 2550 Kontich.<\/p>\n<p>En outre, vous avez le droit de faire part de vos commentaires et observations ou de vos plaintes \u00e0 l&rsquo;autorit\u00e9 de contr\u00f4le charg\u00e9e de la protection des donn\u00e9es. Vous pouvez le faire dans l&rsquo;\u00c9tat membre de l&rsquo;UE o\u00f9 vous r\u00e9sidez, o\u00f9 vous travaillez ou o\u00f9 la violation pr\u00e9sum\u00e9e a eu lieu. En Belgique, vous pouvez d\u00e9poser une plainte aupr\u00e8s de l&rsquo;Autorit\u00e9 de protection des donn\u00e9es :<\/p>\n<p class=\"\" data-start=\"74\" data-end=\"284\"><strong data-start=\"74\" data-end=\"112\">Autorit\u00e9 de protection des donn\u00e9es<\/strong><br data-start=\"112\" data-end=\"115\" \/>Drukpersstraat 35, 1000 Bruxelles<br data-start=\"148\" data-end=\"151\" \/>+32 (0)2 274 48 00<br data-start=\"169\" data-end=\"172\" \/><a href=\"http:\/\/www.autoriteprotectiondonnees.be\/citoyen\/actions\/introduction-d-une-plainte\" target=\"_blank\" rel=\"noopener\">www.autoriteprotectiondonnees.be\/citoyen\/actions\/introduction-d-une-plainte<\/a><br data-start=\"247\" data-end=\"250\" \/><a class=\"\" href=\"http:\/\/www.autoriteprotectiondonnees.be\" target=\"_blank\" rel=\"noopener\" data-start=\"250\" data-end=\"282\">www.autoriteprotectiondonnees.be<\/a><\/p>\n<p class=\"\" data-start=\"286\" data-end=\"484\">\u00c9tant donn\u00e9 l\u2019importance que nous accordons \u00e0 notre relation, nous vous demandons de toujours nous contacter en premier lieu afin que nous puissions chercher une solution \u00e0 la base de votre plainte.<\/p>\n<h2 data-start=\"486\" data-end=\"543\">8. Modifications de la d\u00e9claration de confidentialit\u00e9<\/h2>\n<p class=\"\" data-start=\"545\" data-end=\"1132\">Notre organisation, tout comme notre site web, \u00e9volue dans un environnement dynamique et innovant. Cette d\u00e9claration de confidentialit\u00e9 peut donc \u00eatre modifi\u00e9e si nos services ou la l\u00e9gislation en vigueur l\u2019exigent. Cela signifie que nous cherchons en permanence \u00e0 am\u00e9liorer nos services selon vos besoins. Il se peut que de nouvelles applications impliquent une collecte ou un traitement diff\u00e9rent de vos donn\u00e9es personnelles. Bien entendu, nous vous informerons de toute modification importante de cette d\u00e9claration de confidentialit\u00e9 et solliciterons votre consentement si n\u00e9cessaire.<\/p>\n<\/div><\/div><\/div><\/div><\/div><\/div><\/div><\/div><\/div><\/section><style data-type=\"us_custom-css\">#section--nieuwsbrief .l-section-overlay{border-top-right-radius:10rem;border-bottom-right-radius:10rem}<\/style><section class=\"l-section wpb_row us_custom_bb3fc24d height_large\" id=\"section--nieuwsbrief\"><div class=\"l-section-overlay\" style=\"background:rgba(26,26,26,0.3)\"><\/div><div class=\"l-section-h i-cf\"><div class=\"g-cols vc_row via_grid cols_1 laptops-cols_inherit tablets-cols_inherit mobiles-cols_1 valign_top type_default stacking_default\"><div class=\"wpb_column vc_column_container\"><div class=\"vc_column-inner\"><div class=\"g-cols wpb_row via_grid cols_2-1 laptops-cols_inherit tablets-cols_inherit mobiles-cols_1 valign_middle type_default stacking_default\" style=\"--columns-gap:3rem;\"><div class=\"wpb_column vc_column_container\"><div class=\"vc_column-inner\"><div class=\"wpb_text_column us_custom_6df4bc3a has_text_color\"><div class=\"wpb_wrapper\"><h3><strong>Notre newsletter propose actualit\u00e9s pertinentes et autres cas passionnants chaque trimestre. Inscrivez-vous ici pour la recevoir. <\/strong><\/h3>\n<\/div><\/div><\/div><\/div><div class=\"wpb_column vc_column_container\"><div class=\"vc_column-inner\"><div class=\"w-btn-wrapper align_center\"><a class=\"w-btn us-btn-style_2\" title=\"Newsletter\" href=\"https:\/\/cronos-public-services.be\/fr\/newsletter\/\"><span class=\"w-btn-label\">Inscrivez-vous<\/span><\/a><\/div><\/div><\/div><\/div><\/div><\/div><\/div><\/div><\/section>\n\n","protected":false},"excerpt":{"rendered":"Politique de Confidentialit\u00e9 Cronos Public Services attache une grande importance \u00e0 la protection de votre vie priv\u00e9e et au traitement soigneux de vos donn\u00e9es personnelles. C&rsquo;est pourquoi nous nous effor\u00e7ons de vous expliquer dans un langage clair et simple, par le biais de cette d\u00e9claration de confidentialit\u00e9, quelles sont les donn\u00e9es personnelles que nous collectons...","protected":false},"author":8,"featured_media":0,"parent":0,"menu_order":0,"comment_status":"closed","ping_status":"closed","template":"","meta":{"_acf_changed":false,"footnotes":""},"class_list":["post-4731","page","type-page","status-publish","hentry"],"acf":[],"yoast_head":"<!-- This site is optimized with the Yoast SEO plugin v27.5 - https:\/\/yoast.com\/product\/yoast-seo-wordpress\/ -->\n<title>Politique de confidentialit\u00e9 - Cronos Public Services<\/title>\n<meta name=\"robots\" content=\"index, follow, max-snippet:-1, max-image-preview:large, max-video-preview:-1\" \/>\n<link rel=\"canonical\" href=\"https:\/\/cronos-public-services.be\/fr\/politique-de-confidentialite\/\" \/>\n<meta property=\"og:locale\" content=\"fr_FR\" \/>\n<meta property=\"og:type\" content=\"article\" \/>\n<meta property=\"og:title\" content=\"Politique de confidentialit\u00e9 - Cronos Public Services\" \/>\n<meta property=\"og:url\" content=\"https:\/\/cronos-public-services.be\/fr\/politique-de-confidentialite\/\" \/>\n<meta property=\"og:site_name\" content=\"Cronos Public Services\" \/>\n<meta property=\"article:modified_time\" content=\"2025-05-12T14:50:57+00:00\" \/>\n<meta name=\"twitter:card\" content=\"summary_large_image\" \/>\n<meta name=\"twitter:label1\" content=\"Dur\u00e9e de lecture estim\u00e9e\" \/>\n\t<meta name=\"twitter:data1\" content=\"17 minutes\" \/>\n<script type=\"application\/ld+json\" class=\"yoast-schema-graph\">{\"@context\":\"https:\\\/\\\/schema.org\",\"@graph\":[{\"@type\":\"WebPage\",\"@id\":\"https:\\\/\\\/cronos-public-services.be\\\/fr\\\/politique-de-confidentialite\\\/\",\"url\":\"https:\\\/\\\/cronos-public-services.be\\\/fr\\\/politique-de-confidentialite\\\/\",\"name\":\"Politique de confidentialit\u00e9 - Cronos Public Services\",\"isPartOf\":{\"@id\":\"https:\\\/\\\/cronos-public-services.be\\\/fr\\\/#website\"},\"datePublished\":\"2022-04-28T11:39:07+00:00\",\"dateModified\":\"2025-05-12T14:50:57+00:00\",\"breadcrumb\":{\"@id\":\"https:\\\/\\\/cronos-public-services.be\\\/fr\\\/politique-de-confidentialite\\\/#breadcrumb\"},\"inLanguage\":\"fr-FR\",\"potentialAction\":[{\"@type\":\"ReadAction\",\"target\":[\"https:\\\/\\\/cronos-public-services.be\\\/fr\\\/politique-de-confidentialite\\\/\"]}]},{\"@type\":\"BreadcrumbList\",\"@id\":\"https:\\\/\\\/cronos-public-services.be\\\/fr\\\/politique-de-confidentialite\\\/#breadcrumb\",\"itemListElement\":[{\"@type\":\"ListItem\",\"position\":1,\"name\":\"Home\",\"item\":\"https:\\\/\\\/cronos-public-services.be\\\/fr\\\/\"},{\"@type\":\"ListItem\",\"position\":2,\"name\":\"Politique de confidentialit\u00e9\"}]},{\"@type\":\"WebSite\",\"@id\":\"https:\\\/\\\/cronos-public-services.be\\\/fr\\\/#website\",\"url\":\"https:\\\/\\\/cronos-public-services.be\\\/fr\\\/\",\"name\":\"Cronos Public Services\",\"description\":\"\",\"potentialAction\":[{\"@type\":\"SearchAction\",\"target\":{\"@type\":\"EntryPoint\",\"urlTemplate\":\"https:\\\/\\\/cronos-public-services.be\\\/fr\\\/?s={search_term_string}\"},\"query-input\":{\"@type\":\"PropertyValueSpecification\",\"valueRequired\":true,\"valueName\":\"search_term_string\"}}],\"inLanguage\":\"fr-FR\"}]}<\/script>\n<!-- \/ Yoast SEO plugin. -->","yoast_head_json":{"title":"Politique de confidentialit\u00e9 - Cronos Public Services","robots":{"index":"index","follow":"follow","max-snippet":"max-snippet:-1","max-image-preview":"max-image-preview:large","max-video-preview":"max-video-preview:-1"},"canonical":"https:\/\/cronos-public-services.be\/fr\/politique-de-confidentialite\/","og_locale":"fr_FR","og_type":"article","og_title":"Politique de confidentialit\u00e9 - Cronos Public Services","og_url":"https:\/\/cronos-public-services.be\/fr\/politique-de-confidentialite\/","og_site_name":"Cronos Public Services","article_modified_time":"2025-05-12T14:50:57+00:00","twitter_card":"summary_large_image","twitter_misc":{"Dur\u00e9e de lecture estim\u00e9e":"17 minutes"},"schema":{"@context":"https:\/\/schema.org","@graph":[{"@type":"WebPage","@id":"https:\/\/cronos-public-services.be\/fr\/politique-de-confidentialite\/","url":"https:\/\/cronos-public-services.be\/fr\/politique-de-confidentialite\/","name":"Politique de confidentialit\u00e9 - Cronos Public Services","isPartOf":{"@id":"https:\/\/cronos-public-services.be\/fr\/#website"},"datePublished":"2022-04-28T11:39:07+00:00","dateModified":"2025-05-12T14:50:57+00:00","breadcrumb":{"@id":"https:\/\/cronos-public-services.be\/fr\/politique-de-confidentialite\/#breadcrumb"},"inLanguage":"fr-FR","potentialAction":[{"@type":"ReadAction","target":["https:\/\/cronos-public-services.be\/fr\/politique-de-confidentialite\/"]}]},{"@type":"BreadcrumbList","@id":"https:\/\/cronos-public-services.be\/fr\/politique-de-confidentialite\/#breadcrumb","itemListElement":[{"@type":"ListItem","position":1,"name":"Home","item":"https:\/\/cronos-public-services.be\/fr\/"},{"@type":"ListItem","position":2,"name":"Politique de confidentialit\u00e9"}]},{"@type":"WebSite","@id":"https:\/\/cronos-public-services.be\/fr\/#website","url":"https:\/\/cronos-public-services.be\/fr\/","name":"Cronos Public Services","description":"","potentialAction":[{"@type":"SearchAction","target":{"@type":"EntryPoint","urlTemplate":"https:\/\/cronos-public-services.be\/fr\/?s={search_term_string}"},"query-input":{"@type":"PropertyValueSpecification","valueRequired":true,"valueName":"search_term_string"}}],"inLanguage":"fr-FR"}]}},"_links":{"self":[{"href":"https:\/\/cronos-public-services.be\/fr\/wp-json\/wp\/v2\/pages\/4731","targetHints":{"allow":["GET"]}}],"collection":[{"href":"https:\/\/cronos-public-services.be\/fr\/wp-json\/wp\/v2\/pages"}],"about":[{"href":"https:\/\/cronos-public-services.be\/fr\/wp-json\/wp\/v2\/types\/page"}],"author":[{"embeddable":true,"href":"https:\/\/cronos-public-services.be\/fr\/wp-json\/wp\/v2\/users\/8"}],"replies":[{"embeddable":true,"href":"https:\/\/cronos-public-services.be\/fr\/wp-json\/wp\/v2\/comments?post=4731"}],"version-history":[{"count":6,"href":"https:\/\/cronos-public-services.be\/fr\/wp-json\/wp\/v2\/pages\/4731\/revisions"}],"predecessor-version":[{"id":7731,"href":"https:\/\/cronos-public-services.be\/fr\/wp-json\/wp\/v2\/pages\/4731\/revisions\/7731"}],"wp:attachment":[{"href":"https:\/\/cronos-public-services.be\/fr\/wp-json\/wp\/v2\/media?parent=4731"}],"curies":[{"name":"wp","href":"https:\/\/api.w.org\/{rel}","templated":true}]}}