{"id":4307,"date":"2022-04-14T13:34:49","date_gmt":"2022-04-14T13:34:49","guid":{"rendered":"https:\/\/cronos-public-services.be\/accueil\/"},"modified":"2022-04-25T14:56:06","modified_gmt":"2022-04-25T14:56:06","slug":"accueil","status":"publish","type":"page","link":"https:\/\/cronos-public-services.be\/fr\/","title":{"rendered":"Accueil"},"content":{"rendered":"<section class=\"l-section wpb_row height_large\" id=\"section--entete-accueil\"><div class=\"l-section-h i-cf\"><div class=\"g-cols vc_row via_grid cols_1-2 laptops-cols_inherit tablets-cols_inherit mobiles-cols_1 valign_top type_default stacking_default\"><div class=\"wpb_column vc_column_container\"><div class=\"vc_column-inner\"><div class=\"g-cols wpb_row via_grid cols_1 laptops-cols_inherit tablets-cols_inherit mobiles-cols_1 valign_top type_default stacking_default\" style=\"--columns-gap:3rem;\"><div class=\"wpb_column vc_column_container\"><div class=\"vc_column-inner\"><div class=\"wpb_text_column\"><div class=\"wpb_wrapper\"><h1>Nous rassemblons les citoyens, les services publics et la technologie pour un meilleur lendemain.<\/h1>\n<\/div><\/div><div class=\"w-separator size_medium\"><\/div><div class=\"w-image us_custom_073cf93a align_none\"><div class=\"w-image-h\"><img decoding=\"async\" width=\"1024\" height=\"1024\" data-src=\"https:\/\/cronos-public-services.be\/wp-content\/uploads\/2021\/11\/arrow-down.svg\" class=\"attachment-large size-large lazyload\" alt=\"\" src=\"data:image\/svg+xml;base64,PHN2ZyB3aWR0aD0iMSIgaGVpZ2h0PSIxIiB4bWxucz0iaHR0cDovL3d3dy53My5vcmcvMjAwMC9zdmciPjwvc3ZnPg==\" style=\"--smush-placeholder-width: 1024px; --smush-placeholder-aspect-ratio: 1024\/1024;\" \/><\/div><\/div><\/div><\/div><\/div><\/div><\/div><div class=\"wpb_column vc_column_container\"><div class=\"vc_column-inner\"><div class=\"g-cols wpb_row via_grid cols_1 laptops-cols_inherit tablets-cols_inherit mobiles-cols_1 valign_top type_default stacking_default\" style=\"--columns-gap:3rem;\"><div class=\"wpb_column vc_column_container\"><div class=\"vc_column-inner\"><div class=\"w-grid us_grid type_grid layout_4491 cols_1 preload_style_spinner\" id=\"us_grid_1\" style=\"--columns:1;--gap:1.5rem;\" data-filterable=\"true\"><style>.layout_4491 .w-grid-item-h{}.layout_4491 .usg_post_image_1{width:50%!important}.layout_4491 .usg_post_title_1{font-size:1.1rem!important;line-height:1.6!important}.layout_4491 .usg_vwrapper_1{width:50%!important}.layout_4491 .usg_btn_1{margin-top:1rem!important}.layout_4491 .usg_html_1{height:7rem!important}@media (min-width:1025px) and (max-width:1280px){.layout_4491 .usg_vwrapper_1{width:50%!important}.layout_4491 .usg_html_1{height:7rem!important}}@media (min-width:769px) and (max-width:1024px){.layout_4491 .usg_vwrapper_1{width:50%!important}.layout_4491 .usg_html_1{height:7rem!important}}@media (max-width:768px){.layout_4491 .usg_post_image_1{width:100%!important}.layout_4491 .usg_vwrapper_1{width:100%!important}.layout_4491 .usg_html_1{height:1rem!important}}<\/style><div class=\"w-grid-list\">\t<article class=\"w-grid-item size_1x1 post-8185 post type-post status-publish format-standard has-post-thumbnail hentry category-affaires\" data-id=\"8185\">\r\n\t\t<div class=\"w-grid-item-h\">\r\n\t\t\t\t\t\t<div class=\"w-hwrapper usg_hwrapper_1 align_none valign_middle\" style=\"--hwrapper-gap:4rem\"><div class=\"w-post-elm post_image usg_post_image_1 has_width stretched\"><img decoding=\"async\" width=\"1024\" height=\"585\" data-src=\"https:\/\/cronos-public-services.be\/wp-content\/uploads\/2026\/04\/VGC-BBC-1024x585.webp\" class=\"attachment-large size-large wp-post-image lazyload\" alt=\"\" data-srcset=\"https:\/\/cronos-public-services.be\/wp-content\/uploads\/2026\/04\/VGC-BBC-1024x585.webp 1024w, https:\/\/cronos-public-services.be\/wp-content\/uploads\/2026\/04\/VGC-BBC-300x171.webp 300w\" data-sizes=\"(max-width: 1024px) 100vw, 1024px\" src=\"data:image\/svg+xml;base64,PHN2ZyB3aWR0aD0iMSIgaGVpZ2h0PSIxIiB4bWxucz0iaHR0cDovL3d3dy53My5vcmcvMjAwMC9zdmciPjwvc3ZnPg==\" style=\"--smush-placeholder-width: 1024px; --smush-placeholder-aspect-ratio: 1024\/585;\" \/><\/div><div class=\"w-vwrapper usg_vwrapper_1 align_none valign_top\"><div class=\"w-html usg_html_1\"><div class=\"w-separator size_custom\"><\/div><\/div><p class=\"w-post-elm post_title usg_post_title_1 entry-title color_link_inherit\">Comment la VGC a rendu ses rapports CPG plus humains et plus intelligents<\/p><a class=\"w-btn us-btn-style_1 usg_btn_1 text_none icon_atright\" href=\"https:\/\/cronos-public-services.be\/fr\/comment-la-vgc-a-rendu-ses-rapports-cpg-plus-humains-et-plus-intelligents\/\" aria-label=\"Button\"><i class=\"fas fa-long-arrow-left\"><\/i><\/a><\/div><\/div>\t\t<\/div>\r\n\t\t\t<\/article>\r\n<\/div>\t<div class=\"w-grid-preloader\">\r\n\t\t<div class=\"g-preloader type_1\">\r\n\t\t\t<div><\/div>\r\n\t\t<\/div>\r\n\t<\/div>\r\n\t\t<div class=\"w-grid-json hidden\" onclick='return {&quot;action&quot;:&quot;us_ajax_grid&quot;,&quot;infinite_scroll&quot;:0,&quot;max_num_pages&quot;:110,&quot;pagination&quot;:&quot;none&quot;,&quot;template_vars&quot;:{&quot;columns&quot;:&quot;1&quot;,&quot;exclude_items&quot;:&quot;none&quot;,&quot;img_size&quot;:&quot;default&quot;,&quot;ignore_items_size&quot;:0,&quot;items_layout&quot;:&quot;4491&quot;,&quot;items_offset&quot;:&quot;1&quot;,&quot;load_animation&quot;:&quot;none&quot;,&quot;overriding_link&quot;:&quot;{\\&quot;url\\&quot;:\\&quot;\\&quot;}&quot;,&quot;post_id&quot;:0,&quot;query_args&quot;:{&quot;post_type&quot;:[&quot;post&quot;],&quot;post_status&quot;:[&quot;publish&quot;,&quot;acf-disabled&quot;],&quot;posts_per_page&quot;:&quot;1&quot;},&quot;orderby_query_args&quot;:{&quot;orderby&quot;:{&quot;menu_order&quot;:&quot;ASC&quot;},&quot;order&quot;:&quot;ASC&quot;},&quot;type&quot;:&quot;grid&quot;,&quot;us_grid_post_type&quot;:&quot;post&quot;,&quot;us_grid_ajax_index&quot;:1,&quot;us_grid_filter_query_string&quot;:null,&quot;us_grid_index&quot;:1,&quot;page_args&quot;:[],&quot;lang&quot;:&quot;fr&quot;}}'><\/div>\r\n\t<\/div><\/div><\/div><\/div><\/div><\/div><\/div><\/div><\/section><section class=\"l-section wpb_row us_custom_887a049b height_large\"><div class=\"l-section-h i-cf\"><div class=\"g-cols vc_row via_grid cols_1 laptops-cols_inherit tablets-cols_inherit mobiles-cols_1 valign_top type_default stacking_default\"><div class=\"wpb_column vc_column_container\"><div class=\"vc_column-inner\"><div class=\"g-cols wpb_row via_grid cols_1 laptops-cols_inherit tablets-cols_inherit mobiles-cols_1 valign_top type_default stacking_default\" style=\"--columns-gap:3rem;\"><div class=\"wpb_column vc_column_container\"><div class=\"vc_column-inner\"><div class=\"w-grid us_grid type_grid layout_4490 cols_4 preload_style_spinner\" id=\"us_grid_2\" style=\"--columns:4;--gap:1.5rem;\" data-filterable=\"true\"><style>@media (max-width:1280px){#us_grid_2{--columns:3!important}}@media (max-width:1024px){#us_grid_2{--columns:2!important}}@media (max-width:768px){#us_grid_2{--columns:1!important}}.layout_4490 .w-grid-item-h{}.layout_4490 .usg_post_image_1{margin-bottom:1rem!important;border-radius:1.5rem!important}.layout_4490 .usg_post_title_1{text-transform:uppercase!important;font-size:1.1rem!important;line-height:1.4!important}.layout_4490 .usg_post_taxonomy_1{color:#0072BB!important;font-family:var(--font-family)!important;font-weight:600!important;text-transform:uppercase!important;font-size:12px!important}.layout_4490 .usg_post_content_1{font-size:14px!important;margin-top:0.5rem!important}.layout_4490 .usg_btn_1{font-family:var(--font-family)!important;font-weight:700!important;font-size:14px!important;margin-top:1.5rem!important}<\/style><div class=\"w-grid-list\">\t<article class=\"w-grid-item size_1x1 post-8074 us_portfolio type-us_portfolio status-publish has-post-thumbnail hentry us_portfolio_category-annonce us_portfolio_tag-partenariat\" data-id=\"8074\">\r\n\t\t<div class=\"w-grid-item-h\">\r\n\t\t\t\t\t\t<div class=\"w-post-elm post_image usg_post_image_1 has_ratio\"><img decoding=\"async\" width=\"1024\" height=\"768\" data-src=\"https:\/\/cronos-public-services.be\/wp-content\/uploads\/2025\/11\/groepsfoto_portofantwerpbruges_thedigitals-1024x768.jpg\" class=\"attachment-large size-large wp-post-image lazyload\" alt=\"\" src=\"data:image\/svg+xml;base64,PHN2ZyB3aWR0aD0iMSIgaGVpZ2h0PSIxIiB4bWxucz0iaHR0cDovL3d3dy53My5vcmcvMjAwMC9zdmciPjwvc3ZnPg==\" style=\"--smush-placeholder-width: 1024px; --smush-placeholder-aspect-ratio: 1024\/768;\" \/><div style=\"padding-bottom:66.6667%\"><\/div><\/div><div class=\"w-post-elm post_taxonomy usg_post_taxonomy_1 has_text_color style_simple color_link_inherit\"><span class=\"term-134 term-annonce\">Annonce<\/span><\/div><h5 class=\"w-post-elm post_title usg_post_title_1 entry-title\">The Digitals, nouveau partenaire strat\u00e9gique num\u00e9rique de Port of Antwerp-Bruges<\/h5><div class=\"w-post-elm post_content usg_post_content_1\">C\u2019est avec fiert\u00e9 que nous annon\u00e7ons que Port of Antwerp-Bruges a choisi The Digitals comme nouveau partenaire strat\u00e9gique pour le d\u00e9veloppement de son site web et de ses applications num\u00e9riques.\u2026<\/div><a class=\"w-btn us-btn-style_3 usg_btn_1\" href=\"https:\/\/cronos-public-services.be\/fr\/portfolio\/the-digitals-nouveau-partenaire-strategique-numerique-de-port-of-antwerp-bruges\/\"><span class=\"w-btn-label\">En savoir plus<\/span><\/a>\t\t<\/div>\r\n\t\t\t<\/article>\r\n\t<article class=\"w-grid-item size_1x1 post-8002 us_portfolio type-us_portfolio status-publish has-post-thumbnail hentry us_portfolio_category-event-fr\" data-id=\"8002\">\r\n\t\t<div class=\"w-grid-item-h\">\r\n\t\t\t\t\t\t<div class=\"w-post-elm post_image usg_post_image_1 has_ratio\"><img decoding=\"async\" width=\"1024\" height=\"768\" data-src=\"https:\/\/cronos-public-services.be\/wp-content\/uploads\/2022\/09\/IMG_8770-1024x768.png\" class=\"attachment-large size-large wp-post-image lazyload\" alt=\"\" src=\"data:image\/svg+xml;base64,PHN2ZyB3aWR0aD0iMSIgaGVpZ2h0PSIxIiB4bWxucz0iaHR0cDovL3d3dy53My5vcmcvMjAwMC9zdmciPjwvc3ZnPg==\" style=\"--smush-placeholder-width: 1024px; --smush-placeholder-aspect-ratio: 1024\/768;\" \/><div style=\"padding-bottom:66.6667%\"><\/div><\/div><div class=\"w-post-elm post_taxonomy usg_post_taxonomy_1 has_text_color style_simple color_link_inherit\"><span class=\"term-115 term-event-fr\">Event<\/span><\/div><h5 class=\"w-post-elm post_title usg_post_title_1 entry-title\">Trefdag Vlaanderen Digitaal 2025 : donn\u00e9es, dialogue et dynamisme num\u00e9rique<\/h5><div class=\"w-post-elm post_content usg_post_content_1\">il y a 6 moisLe 23 octobre, Trefdag Vlaanderen Digitaal revient \u00e0 Flanders Expo, le rendez-vous incontournable pour toutes celles et ceux qui fa\u00e7onnent l\u2019avenir num\u00e9rique du secteur public. En\u2026<\/div><a class=\"w-btn us-btn-style_3 usg_btn_1\" href=\"https:\/\/cronos-public-services.be\/fr\/portfolio\/trefdag-vlaanderen-digitaal-2025-donnees-dialogue-et-dynamisme-numerique\/\"><span class=\"w-btn-label\">En savoir plus<\/span><\/a>\t\t<\/div>\r\n\t\t\t<\/article>\r\n\t<article class=\"w-grid-item size_1x1 post-7905 us_portfolio type-us_portfolio status-publish has-post-thumbnail hentry us_portfolio_category-projet\" data-id=\"7905\">\r\n\t\t<div class=\"w-grid-item-h\">\r\n\t\t\t\t\t\t<div class=\"w-post-elm post_image usg_post_image_1 has_ratio\"><img decoding=\"async\" width=\"683\" height=\"1024\" data-src=\"https:\/\/cronos-public-services.be\/wp-content\/uploads\/2025\/06\/pexels-anna-nekrashevich-8532946-683x1024.jpg\" class=\"attachment-large size-large wp-post-image lazyload\" alt=\"\" src=\"data:image\/svg+xml;base64,PHN2ZyB3aWR0aD0iMSIgaGVpZ2h0PSIxIiB4bWxucz0iaHR0cDovL3d3dy53My5vcmcvMjAwMC9zdmciPjwvc3ZnPg==\" style=\"--smush-placeholder-width: 683px; --smush-placeholder-aspect-ratio: 683\/1024;\" \/><div style=\"padding-bottom:66.6667%\"><\/div><\/div><div class=\"w-post-elm post_taxonomy usg_post_taxonomy_1 has_text_color style_simple color_link_inherit\"><span class=\"term-148 term-projet\">Projet<\/span><\/div><h5 class=\"w-post-elm post_title usg_post_title_1 entry-title\">Collaborer avec CM pour \u00e9laborer une strat\u00e9gie d&rsquo;essai plus solide<\/h5><div class=\"w-post-elm post_content usg_post_content_1\"><p>Dans le domaine Revenus de remplacement, o\u00f9 le calcul et le paiement corrects de ceux-ci sont trait\u00e9s quotidiennement, la rapidit\u00e9 et la qualit\u00e9 sont essentielles. L&rsquo;automatisation de test est cruciale pour que les nouveaux logiciels soient mis en production rapidement et de mani\u00e8re fiable. Pour relever ce d\u00e9fi, CM a travaill\u00e9 avec Cronos Public Services et le centre de comp\u00e9tences M2Q sur une voie qui rend la strat\u00e9gie de test \u00e0 l&rsquo;\u00e9preuve du temps.<\/p>\n<\/div><a class=\"w-btn us-btn-style_3 usg_btn_1\" href=\"https:\/\/cronos-public-services.be\/fr\/portfolio\/collaborer-avec-cm-pour-elaborer-une-strategie-dessai-plus-solide\/\"><span class=\"w-btn-label\">En savoir plus<\/span><\/a>\t\t<\/div>\r\n\t\t\t<\/article>\r\n\t<article class=\"w-grid-item size_1x1 post-7807 us_portfolio type-us_portfolio status-publish has-post-thumbnail hentry\" data-id=\"7807\">\r\n\t\t<div class=\"w-grid-item-h\">\r\n\t\t\t\t\t\t<div class=\"w-post-elm post_image usg_post_image_1 has_ratio\"><img decoding=\"async\" width=\"1024\" height=\"512\" data-src=\"https:\/\/cronos-public-services.be\/wp-content\/uploads\/2025\/05\/OVAM-cover-1024x512.png\" class=\"attachment-large size-large wp-post-image lazyload\" alt=\"\" src=\"data:image\/svg+xml;base64,PHN2ZyB3aWR0aD0iMSIgaGVpZ2h0PSIxIiB4bWxucz0iaHR0cDovL3d3dy53My5vcmcvMjAwMC9zdmciPjwvc3ZnPg==\" style=\"--smush-placeholder-width: 1024px; --smush-placeholder-aspect-ratio: 1024\/512;\" \/><div style=\"padding-bottom:66.6667%\"><\/div><\/div><h5 class=\"w-post-elm post_title usg_post_title_1 entry-title\">L\u2019int\u00e9gration de l\u2019IA g\u00e9n\u00e9rative \u00e0 l\u2019OVAM\u00a0: un parcours strat\u00e9gique avec Microsoft Copilot<\/h5><div class=\"w-post-elm post_content usg_post_content_1\"><p>L\u2019OVAM s\u2019occupe quotidiennement de la gestion durable des d\u00e9chets, des mat\u00e9riaux et des sols en Flandre. \u00c0 des fins de modernisation et d\u2019am\u00e9lioration de son efficacit\u00e9 interne, l\u2019OVAM a pris la d\u00e9cision d\u2019int\u00e9grer Microsoft Copilot \u00e0 son organisation. C\u2019est donc en partenariat avec Cronos Public Services et nos experts de The Flow et MbarQ qu\u2019un projet \u00e0 phases multiples a \u00e9t\u00e9 mis sur pied, dans le but de guider le personnel dans l\u2019utilisation strat\u00e9gique de l\u2019IA g\u00e9n\u00e9rative, en toute s\u00e9curit\u00e9.<\/p>\n<\/div><a class=\"w-btn us-btn-style_3 usg_btn_1\" href=\"https:\/\/cronos-public-services.be\/fr\/portfolio\/lintegration-de-lia-generative-a-lovam-un-parcours-strategique-avec-microsoft-copilot\/\"><span class=\"w-btn-label\">En savoir plus<\/span><\/a>\t\t<\/div>\r\n\t\t\t<\/article>\r\n<\/div>\t<div class=\"w-grid-preloader\">\r\n\t\t<div class=\"g-preloader type_1\">\r\n\t\t\t<div><\/div>\r\n\t\t<\/div>\r\n\t<\/div>\r\n\t\t<div class=\"w-grid-json hidden\" onclick='return {&quot;action&quot;:&quot;us_ajax_grid&quot;,&quot;infinite_scroll&quot;:0,&quot;max_num_pages&quot;:9,&quot;pagination&quot;:&quot;none&quot;,&quot;template_vars&quot;:{&quot;columns&quot;:&quot;4&quot;,&quot;exclude_items&quot;:&quot;none&quot;,&quot;img_size&quot;:&quot;default&quot;,&quot;ignore_items_size&quot;:0,&quot;items_layout&quot;:&quot;4490&quot;,&quot;items_offset&quot;:&quot;1&quot;,&quot;load_animation&quot;:&quot;none&quot;,&quot;overriding_link&quot;:&quot;{\\&quot;url\\&quot;:\\&quot;\\&quot;}&quot;,&quot;post_id&quot;:0,&quot;query_args&quot;:{&quot;post_type&quot;:[&quot;us_portfolio&quot;],&quot;post_status&quot;:[&quot;publish&quot;,&quot;acf-disabled&quot;],&quot;posts_per_page&quot;:&quot;4&quot;},&quot;orderby_query_args&quot;:{&quot;orderby&quot;:{&quot;menu_order&quot;:&quot;ASC&quot;},&quot;order&quot;:&quot;ASC&quot;},&quot;type&quot;:&quot;grid&quot;,&quot;us_grid_post_type&quot;:&quot;us_portfolio&quot;,&quot;us_grid_ajax_index&quot;:2,&quot;us_grid_filter_query_string&quot;:null,&quot;us_grid_index&quot;:2,&quot;page_args&quot;:[],&quot;lang&quot;:&quot;fr&quot;}}'><\/div>\r\n\t<\/div><div class=\"w-separator size_medium\"><\/div><div class=\"w-btn-wrapper align_center\"><a class=\"w-btn us-btn-style_1\" title=\"Actualit\u00e9s\" href=\"https:\/\/cronos-public-services.be\/fr\/actualites\/\"><span class=\"w-btn-label\">Parcourez toutes les actualit\u00e9s<\/span><\/a><\/div><\/div><\/div><\/div><\/div><\/div><\/div><\/div><\/section><section class=\"l-section wpb_row height_large color_alternate\" id=\"section--inspiration\"><div class=\"l-section-h i-cf\"><div class=\"g-cols vc_row via_grid cols_1 laptops-cols_inherit tablets-cols_inherit mobiles-cols_1 valign_top type_default stacking_default\"><div class=\"wpb_column vc_column_container\"><div class=\"vc_column-inner\"><div class=\"g-cols wpb_row via_grid cols_1-4-1 laptops-cols_inherit tablets-cols_inherit mobiles-cols_1 valign_top type_default stacking_default\" style=\"--columns-gap:3rem;\"><div class=\"wpb_column vc_column_container\"><div class=\"vc_column-inner\"><\/div><\/div><div class=\"wpb_column vc_column_container\"><div class=\"vc_column-inner\"><div class=\"wpb_text_column us_custom_492179a4\"><div class=\"wpb_wrapper\"><h2 style=\"text-align: center;\">Inspiration<\/h2>\n<\/div><\/div><div class=\"wpb_text_column\"><div class=\"wpb_wrapper\"><p style=\"text-align: center;\">Laissez nos diff\u00e9rents cas vous inspirer et d\u00e9couvrez ce que Cronos Public Services peut faire pour vous.<\/p>\n<\/div><\/div><\/div><\/div><div class=\"wpb_column vc_column_container\"><div class=\"vc_column-inner\"><\/div><\/div><\/div><div class=\"w-separator size_huge\"><\/div><div class=\"g-cols wpb_row via_grid cols_1 laptops-cols_inherit tablets-cols_inherit mobiles-cols_1 valign_top type_default stacking_default\" style=\"--columns-gap:3rem;\"><div class=\"wpb_column vc_column_container\"><div class=\"vc_column-inner\"><div class=\"w-grid us_grid type_masonry layout_4489 cols_3 preload_style_spinner with_isotope\" id=\"us_grid_3\" style=\"--columns:3;--gap:1.5rem;\" data-filterable=\"true\"><style>@media (max-width:1024px){#us_grid_3{--columns:2!important}}@media (max-width:768px){#us_grid_3{--columns:1!important}}.layout_4489 .w-grid-item-h{}.layout_4489 .usg_post_image_1{margin-bottom:1rem!important;border-radius:1.5rem!important}.layout_4489 .usg_post_title_1{text-transform:uppercase!important;font-size:1.1rem!important;line-height:1.4!important}.layout_4489 .usg_post_taxonomy_1{color:#ffffff!important;font-family:var(--font-family)!important;font-weight:600!important;text-transform:uppercase!important;font-size:12px!important}.layout_4489 .usg_post_content_1{font-size:14px!important;line-height:1.5!important;margin-top:0.5rem!important}<\/style><div class=\"w-grid-list\">\t<article class=\"w-grid-item size_1x1 post-8183 post type-post status-publish format-standard has-post-thumbnail hentry category-innovation\" data-id=\"8183\">\r\n\t\t<div class=\"w-grid-item-h\">\r\n\t\t\t\t\t\t\t<a href=\"https:\/\/cronos-public-services.be\/fr\/une-gouvernance-plus-efficace-grace-a-lapplication-de-reunion-de-la-province-du-brabant-flamand\/\" class=\"w-grid-item-anchor\" aria-label=\"Une gouvernance plus efficace gr\u00e2ce \u00e0 l\u2019application de r\u00e9union de la Province du Brabant flamand\"><\/a>\r\n\t\t\t\t\t\t<div class=\"w-post-elm post_taxonomy usg_post_taxonomy_1 has_text_color style_simple color_link_inherit\"><span class=\"term-47 term-innovation\">Innovation<\/span><\/div><div class=\"w-post-elm post_image usg_post_image_1 stretched\"><img decoding=\"async\" width=\"1024\" height=\"586\" data-src=\"https:\/\/cronos-public-services.be\/wp-content\/uploads\/2026\/04\/vergaderapp-van-Provinciebestuur-Vlaams-Brabant-1024x586.webp\" class=\"attachment-large size-large wp-post-image lazyload\" alt=\"\" data-srcset=\"https:\/\/cronos-public-services.be\/wp-content\/uploads\/2026\/04\/vergaderapp-van-Provinciebestuur-Vlaams-Brabant-1024x586.webp 1024w, https:\/\/cronos-public-services.be\/wp-content\/uploads\/2026\/04\/vergaderapp-van-Provinciebestuur-Vlaams-Brabant-300x172.webp 300w, https:\/\/cronos-public-services.be\/wp-content\/uploads\/2026\/04\/vergaderapp-van-Provinciebestuur-Vlaams-Brabant.webp 2048w\" data-sizes=\"(max-width: 1024px) 100vw, 1024px\" src=\"data:image\/svg+xml;base64,PHN2ZyB3aWR0aD0iMSIgaGVpZ2h0PSIxIiB4bWxucz0iaHR0cDovL3d3dy53My5vcmcvMjAwMC9zdmciPjwvc3ZnPg==\" style=\"--smush-placeholder-width: 1024px; --smush-placeholder-aspect-ratio: 1024\/586;\" \/><\/div><h5 class=\"w-post-elm post_title usg_post_title_1 entry-title\">Une gouvernance plus efficace gr\u00e2ce \u00e0 l\u2019application de r\u00e9union de la Province du Brabant flamand<\/h5><div class=\"w-post-elm post_content usg_post_content_1\">Les r\u00e9unions sont le moteur de la d\u00e9mocratie, mais la lourdeur administrative freine trop souvent ce moteur. Piles de papier, syst\u00e8mes fragment\u00e9s et encodage manuel\u00a0: pour la Province du Brabant\u2026<\/div>\t\t<\/div>\r\n\t\t\t<\/article>\r\n\t<article class=\"w-grid-item size_1x1 post-8181 post type-post status-publish format-standard has-post-thumbnail hentry category-affaires\" data-id=\"8181\">\r\n\t\t<div class=\"w-grid-item-h\">\r\n\t\t\t\t\t\t\t<a href=\"https:\/\/cronos-public-services.be\/fr\/lia-au-sein-du-facilitair-bedrijf-de-lexperimentation-isolee-a-une-strategie-globale\/\" class=\"w-grid-item-anchor\" aria-label=\"L\u2019IA au sein du Facilitair Bedrijf : de l\u2019exp\u00e9rimentation isol\u00e9e \u00e0 une strat\u00e9gie globale\"><\/a>\r\n\t\t\t\t\t\t<div class=\"w-post-elm post_taxonomy usg_post_taxonomy_1 has_text_color style_simple color_link_inherit\"><span class=\"term-38 term-affaires\">Affaires<\/span><\/div><div class=\"w-post-elm post_image usg_post_image_1 stretched\"><img decoding=\"async\" width=\"1024\" height=\"585\" data-src=\"https:\/\/cronos-public-services.be\/wp-content\/uploads\/2026\/04\/AI-bij-Het-Facilitair-Bedrijf-1024x585.webp\" class=\"attachment-large size-large wp-post-image lazyload\" alt=\"\" data-srcset=\"https:\/\/cronos-public-services.be\/wp-content\/uploads\/2026\/04\/AI-bij-Het-Facilitair-Bedrijf-1024x585.webp 1024w, https:\/\/cronos-public-services.be\/wp-content\/uploads\/2026\/04\/AI-bij-Het-Facilitair-Bedrijf-300x171.webp 300w, https:\/\/cronos-public-services.be\/wp-content\/uploads\/2026\/04\/AI-bij-Het-Facilitair-Bedrijf.webp 2048w\" data-sizes=\"(max-width: 1024px) 100vw, 1024px\" src=\"data:image\/svg+xml;base64,PHN2ZyB3aWR0aD0iMSIgaGVpZ2h0PSIxIiB4bWxucz0iaHR0cDovL3d3dy53My5vcmcvMjAwMC9zdmciPjwvc3ZnPg==\" style=\"--smush-placeholder-width: 1024px; --smush-placeholder-aspect-ratio: 1024\/585;\" \/><\/div><h5 class=\"w-post-elm post_title usg_post_title_1 entry-title\">L\u2019IA au sein du Facilitair Bedrijf : de l\u2019exp\u00e9rimentation isol\u00e9e \u00e0 une strat\u00e9gie globale<\/h5><div class=\"w-post-elm post_content usg_post_content_1\">L\u2019intelligence artificielle offre un potentiel consid\u00e9rable, mais sans cap clair, elle se limite souvent \u00e0 des initiatives dispers\u00e9es. Le Facilitair Bedrijf a voulu \u00e9viter que l\u2019IA ne devienne un simple\u2026<\/div>\t\t<\/div>\r\n\t\t\t<\/article>\r\n\t<article class=\"w-grid-item size_1x1 post-8179 post type-post status-publish format-standard has-post-thumbnail hentry category-affaires\" data-id=\"8179\">\r\n\t\t<div class=\"w-grid-item-h\">\r\n\t\t\t\t\t\t\t<a href=\"https:\/\/cronos-public-services.be\/fr\/la-nouvelle-reference-en-matiere-de-signature-electronique-rapide-securisee-et-mobile\/\" class=\"w-grid-item-anchor\" aria-label=\"La nouvelle r\u00e9f\u00e9rence en mati\u00e8re de signature \u00e9lectronique\u00a0: rapide, s\u00e9curis\u00e9e et mobile\"><\/a>\r\n\t\t\t\t\t\t<div class=\"w-post-elm post_taxonomy usg_post_taxonomy_1 has_text_color style_simple color_link_inherit\"><span class=\"term-38 term-affaires\">Affaires<\/span><\/div><div class=\"w-post-elm post_image usg_post_image_1 stretched\"><img decoding=\"async\" width=\"1024\" height=\"585\" data-src=\"https:\/\/cronos-public-services.be\/wp-content\/uploads\/2026\/04\/De-nieuwe-standaard-voor-Digitaal-Ondertekenen-1024x585.webp\" class=\"attachment-large size-large wp-post-image lazyload\" alt=\"\" data-srcset=\"https:\/\/cronos-public-services.be\/wp-content\/uploads\/2026\/04\/De-nieuwe-standaard-voor-Digitaal-Ondertekenen-1024x585.webp 1024w, https:\/\/cronos-public-services.be\/wp-content\/uploads\/2026\/04\/De-nieuwe-standaard-voor-Digitaal-Ondertekenen-300x171.webp 300w\" data-sizes=\"(max-width: 1024px) 100vw, 1024px\" src=\"data:image\/svg+xml;base64,PHN2ZyB3aWR0aD0iMSIgaGVpZ2h0PSIxIiB4bWxucz0iaHR0cDovL3d3dy53My5vcmcvMjAwMC9zdmciPjwvc3ZnPg==\" style=\"--smush-placeholder-width: 1024px; --smush-placeholder-aspect-ratio: 1024\/585;\" \/><\/div><h5 class=\"w-post-elm post_title usg_post_title_1 entry-title\">La nouvelle r\u00e9f\u00e9rence en mati\u00e8re de signature \u00e9lectronique\u00a0: rapide, s\u00e9curis\u00e9e et mobile<\/h5><div class=\"w-post-elm post_content usg_post_content_1\">Chaque ann\u00e9e, des millions de documents n\u00e9cessitant une signature circulent au sein de l\u2019administration flamande, des pouvoirs locaux et des \u00e9tablissements scolaires. Autrefois, cela impliquait d\u2019imprimer, de signer physiquement, puis\u2026<\/div>\t\t<\/div>\r\n\t\t\t<\/article>\r\n\t<article class=\"w-grid-item size_1x1 post-7961 post type-post status-publish format-standard has-post-thumbnail hentry category-affaires\" data-id=\"7961\">\r\n\t\t<div class=\"w-grid-item-h\">\r\n\t\t\t\t\t\t\t<a href=\"https:\/\/cronos-public-services.be\/fr\/le-departement-tesies-numerise-ses-politiques-avec-des-solutions-centrees-sur-lhumain\/\" class=\"w-grid-item-anchor\" aria-label=\"Le D\u00e9partement TESIES num\u00e9rise ses politiques avec des solutions centr\u00e9es sur l\u2019humain\"><\/a>\r\n\t\t\t\t\t\t<div class=\"w-post-elm post_taxonomy usg_post_taxonomy_1 has_text_color style_simple color_link_inherit\"><span class=\"term-38 term-affaires\">Affaires<\/span><\/div><div class=\"w-post-elm post_image usg_post_image_1 stretched\"><img decoding=\"async\" width=\"1024\" height=\"683\" data-src=\"https:\/\/cronos-public-services.be\/wp-content\/uploads\/2025\/10\/GettyImages-861132248-1024x683.jpg\" class=\"attachment-large size-large wp-post-image lazyload\" alt=\"\" data-srcset=\"https:\/\/cronos-public-services.be\/wp-content\/uploads\/2025\/10\/GettyImages-861132248-1024x683.jpg 1024w, https:\/\/cronos-public-services.be\/wp-content\/uploads\/2025\/10\/GettyImages-861132248-300x200.jpg 300w\" data-sizes=\"(max-width: 1024px) 100vw, 1024px\" src=\"data:image\/svg+xml;base64,PHN2ZyB3aWR0aD0iMSIgaGVpZ2h0PSIxIiB4bWxucz0iaHR0cDovL3d3dy53My5vcmcvMjAwMC9zdmciPjwvc3ZnPg==\" style=\"--smush-placeholder-width: 1024px; --smush-placeholder-aspect-ratio: 1024\/683;\" \/><\/div><h5 class=\"w-post-elm post_title usg_post_title_1 entry-title\">Le D\u00e9partement TESIES num\u00e9rise ses politiques avec des solutions centr\u00e9es sur l\u2019humain<\/h5><div class=\"w-post-elm post_content usg_post_content_1\">Rendre la r\u00e9glementation accessible \u00e0 tous exige des solutions claires, num\u00e9riques et centr\u00e9es sur l\u2019humain. Au D\u00e9partement Travail, \u00c9conomie, Science, Innovation et \u00c9conomie Sociale (TESIES), c\u2019est une r\u00e9alit\u00e9 quotidienne. Gr\u00e2ce\u2026<\/div>\t\t<\/div>\r\n\t\t\t<\/article>\r\n\t<article class=\"w-grid-item size_1x1 post-7958 post type-post status-publish format-standard has-post-thumbnail hentry category-innovation\" data-id=\"7958\">\r\n\t\t<div class=\"w-grid-item-h\">\r\n\t\t\t\t\t\t\t<a href=\"https:\/\/cronos-public-services.be\/fr\/vlaio-donne-aux-entrepreneurs-une-vision-claire-grace-a-entre-spiegel\/\" class=\"w-grid-item-anchor\" aria-label=\"VLAIO donne aux entrepreneurs une vision claire gr\u00e2ce \u00e0 ENTRE-Spiegel\"><\/a>\r\n\t\t\t\t\t\t<div class=\"w-post-elm post_taxonomy usg_post_taxonomy_1 has_text_color style_simple color_link_inherit\"><span class=\"term-47 term-innovation\">Innovation<\/span><\/div><div class=\"w-post-elm post_image usg_post_image_1 stretched\"><img decoding=\"async\" width=\"1024\" height=\"585\" data-src=\"https:\/\/cronos-public-services.be\/wp-content\/uploads\/2025\/10\/GettyImages-1459313027-1024x585.jpg\" class=\"attachment-large size-large wp-post-image lazyload\" alt=\"\" data-srcset=\"https:\/\/cronos-public-services.be\/wp-content\/uploads\/2025\/10\/GettyImages-1459313027-1024x585.jpg 1024w, https:\/\/cronos-public-services.be\/wp-content\/uploads\/2025\/10\/GettyImages-1459313027-300x171.jpg 300w\" data-sizes=\"(max-width: 1024px) 100vw, 1024px\" src=\"data:image\/svg+xml;base64,PHN2ZyB3aWR0aD0iMSIgaGVpZ2h0PSIxIiB4bWxucz0iaHR0cDovL3d3dy53My5vcmcvMjAwMC9zdmciPjwvc3ZnPg==\" style=\"--smush-placeholder-width: 1024px; --smush-placeholder-aspect-ratio: 1024\/585;\" \/><\/div><h5 class=\"w-post-elm post_title usg_post_title_1 entry-title\">VLAIO donne aux entrepreneurs une vision claire gr\u00e2ce \u00e0 ENTRE-Spiegel<\/h5><div class=\"w-post-elm post_content usg_post_content_1\">Comment les (futurs) entrepreneurs peuvent-ils progresser dans leur r\u00f4le\u00a0? VLAIO apporte une r\u00e9ponse avec la version renouvel\u00e9e d\u2019ENTRE-Spiegel, un outil intuitif qui cartographie les comp\u00e9tences entrepreneuriales et facilite un accompagnement\u2026<\/div>\t\t<\/div>\r\n\t\t\t<\/article>\r\n\t<article class=\"w-grid-item size_1x1 post-7965 post type-post status-publish format-standard has-post-thumbnail hentry category-intelligent\" data-id=\"7965\">\r\n\t\t<div class=\"w-grid-item-h\">\r\n\t\t\t\t\t\t\t<a href=\"https:\/\/cronos-public-services.be\/fr\/de-vlaamse-waterweg-mise-sur-une-transformation-rh-durable-grace-a-microsoft-power-platform\/\" class=\"w-grid-item-anchor\" aria-label=\"De Vlaamse Waterweg mise sur une transformation RH durable gr\u00e2ce \u00e0 Microsoft Power Platform\"><\/a>\r\n\t\t\t\t\t\t<div class=\"w-post-elm post_taxonomy usg_post_taxonomy_1 has_text_color style_simple color_link_inherit\"><span class=\"term-46 term-intelligent\">Intelligent<\/span><\/div><div class=\"w-post-elm post_image usg_post_image_1 stretched\"><img decoding=\"async\" width=\"1024\" height=\"512\" data-src=\"https:\/\/cronos-public-services.be\/wp-content\/uploads\/2025\/09\/Headerfoto-DVW-1024x512.png\" class=\"attachment-large size-large wp-post-image lazyload\" alt=\"\" data-srcset=\"https:\/\/cronos-public-services.be\/wp-content\/uploads\/2025\/09\/Headerfoto-DVW-1024x512.png 1024w, https:\/\/cronos-public-services.be\/wp-content\/uploads\/2025\/09\/Headerfoto-DVW-300x150.png 300w\" data-sizes=\"(max-width: 1024px) 100vw, 1024px\" src=\"data:image\/svg+xml;base64,PHN2ZyB3aWR0aD0iMSIgaGVpZ2h0PSIxIiB4bWxucz0iaHR0cDovL3d3dy53My5vcmcvMjAwMC9zdmciPjwvc3ZnPg==\" style=\"--smush-placeholder-width: 1024px; --smush-placeholder-aspect-ratio: 1024\/512;\" \/><\/div><h5 class=\"w-post-elm post_title usg_post_title_1 entry-title\">De Vlaamse Waterweg mise sur une transformation RH durable gr\u00e2ce \u00e0 Microsoft Power Platform<\/h5><div class=\"w-post-elm post_content usg_post_content_1\">Chez Cronos Public Services, nous accompagnons activement les organisations publiques dans leur transformation num\u00e9rique. Un bel exemple de cette expertise\u00a0: le projet en cours chez De Vlaamse Waterweg, o\u00f9 nous\u2026<\/div>\t\t<\/div>\r\n\t\t\t<\/article>\r\n\t<article class=\"w-grid-item size_1x1 post-7840 post type-post status-publish format-standard has-post-thumbnail hentry category-affaires\" data-id=\"7840\">\r\n\t\t<div class=\"w-grid-item-h\">\r\n\t\t\t\t\t\t\t<a href=\"https:\/\/cronos-public-services.be\/fr\/athumi-tient-ses-promesses-un-echange-de-donnees-securise-dans-le-respect-de-la-vie-privee\/\" class=\"w-grid-item-anchor\" aria-label=\"Athumi tient ses promesses : un \u00e9change de donn\u00e9es s\u00e9curis\u00e9 dans le respect de la vie priv\u00e9e\"><\/a>\r\n\t\t\t\t\t\t<div class=\"w-post-elm post_taxonomy usg_post_taxonomy_1 has_text_color style_simple color_link_inherit\"><span class=\"term-38 term-affaires\">Affaires<\/span><\/div><div class=\"w-post-elm post_image usg_post_image_1 stretched\"><img decoding=\"async\" width=\"1024\" height=\"683\" data-src=\"https:\/\/cronos-public-services.be\/wp-content\/uploads\/2025\/06\/GettyImages-1061357610-1024x683.jpg\" class=\"attachment-large size-large wp-post-image lazyload\" alt=\"\" data-srcset=\"https:\/\/cronos-public-services.be\/wp-content\/uploads\/2025\/06\/GettyImages-1061357610-1024x683.jpg 1024w, https:\/\/cronos-public-services.be\/wp-content\/uploads\/2025\/06\/GettyImages-1061357610-300x200.jpg 300w\" data-sizes=\"(max-width: 1024px) 100vw, 1024px\" src=\"data:image\/svg+xml;base64,PHN2ZyB3aWR0aD0iMSIgaGVpZ2h0PSIxIiB4bWxucz0iaHR0cDovL3d3dy53My5vcmcvMjAwMC9zdmciPjwvc3ZnPg==\" style=\"--smush-placeholder-width: 1024px; --smush-placeholder-aspect-ratio: 1024\/683;\" \/><\/div><h5 class=\"w-post-elm post_title usg_post_title_1 entry-title\">Athumi tient ses promesses : un \u00e9change de donn\u00e9es s\u00e9curis\u00e9 dans le respect de la vie priv\u00e9e<\/h5><div class=\"w-post-elm post_content usg_post_content_1\"><p>Athumi joue un r\u00f4le cl\u00e9 dans l&rsquo;\u00e9conomie des donn\u00e9es en Flandre. L&rsquo;entreprise publique a pour mission l\u00e9gale de traiter les donn\u00e9es \u00e0 caract\u00e8re personnel et commerciales sensibles de mani\u00e8re intelligente et s\u00e9curis\u00e9e, tout en maintenant un contr\u00f4le total et une transparence pour les personnes qui partagent leurs donn\u00e9es par l&rsquo;interm\u00e9diaire de ses services et de ses partenaires. En effet, la confiance est essentielle pour les applications de donn\u00e9es. Cronos Public Services aide Athumi \u00e0 le faire en attestant de la conception s\u00e9curis\u00e9e de son infrastructure Confidential Compute.<\/p>\n<\/div>\t\t<\/div>\r\n\t\t\t<\/article>\r\n\t<article class=\"w-grid-item size_1x1 post-7860 post type-post status-publish format-standard has-post-thumbnail hentry category-affaires\" data-id=\"7860\">\r\n\t\t<div class=\"w-grid-item-h\">\r\n\t\t\t\t\t\t\t<a href=\"https:\/\/cronos-public-services.be\/fr\/une-plateforme-des-ambitions-multiples-levolution-numerique-de-la-vvsg\/\" class=\"w-grid-item-anchor\" aria-label=\"Une plateforme, des ambitions multiples\u00a0: l&rsquo;\u00e9volution num\u00e9rique de la VVSG\"><\/a>\r\n\t\t\t\t\t\t<div class=\"w-post-elm post_taxonomy usg_post_taxonomy_1 has_text_color style_simple color_link_inherit\"><span class=\"term-38 term-affaires\">Affaires<\/span><\/div><div class=\"w-post-elm post_image usg_post_image_1 stretched\"><img decoding=\"async\" width=\"1024\" height=\"512\" data-src=\"https:\/\/cronos-public-services.be\/wp-content\/uploads\/2025\/05\/Header-VVSG-1-1024x512.png\" class=\"attachment-large size-large wp-post-image lazyload\" alt=\"\" data-srcset=\"https:\/\/cronos-public-services.be\/wp-content\/uploads\/2025\/05\/Header-VVSG-1-1024x512.png 1024w, https:\/\/cronos-public-services.be\/wp-content\/uploads\/2025\/05\/Header-VVSG-1-300x150.png 300w\" data-sizes=\"(max-width: 1024px) 100vw, 1024px\" src=\"data:image\/svg+xml;base64,PHN2ZyB3aWR0aD0iMSIgaGVpZ2h0PSIxIiB4bWxucz0iaHR0cDovL3d3dy53My5vcmcvMjAwMC9zdmciPjwvc3ZnPg==\" style=\"--smush-placeholder-width: 1024px; --smush-placeholder-aspect-ratio: 1024\/512;\" \/><\/div><h5 class=\"w-post-elm post_title usg_post_title_1 entry-title\">Une plateforme, des ambitions multiples\u00a0: l&rsquo;\u00e9volution num\u00e9rique de la VVSG<\/h5><div class=\"w-post-elm post_content usg_post_content_1\"><p>La VVSG partage l\u2019expertise, construit les r\u00e9seaux et d\u00e9fend les int\u00e9r\u00eats des administrations locales flamandes. De plus en plus souvent, elle accomplit ces t\u00e2ches de fa\u00e7on num\u00e9rique, d&rsquo;o\u00f9 la n\u00e9cessit\u00e9 d&rsquo;une infrastructure num\u00e9rique solide. Ce qui n&rsquo;\u00e9tait au d\u00e9part qu\u2019un projet de refonte du site web s\u2019est mu\u00e9 en une plateforme int\u00e9gr\u00e9e, con\u00e7ue pour faciliter l\u2019acc\u00e8s \u00e0 l\u2019information, renforcer la collaboration et placer les membres au c\u0153ur de l\u2019exp\u00e9rience. En partenariat avec Cronos Public Services, la VVSG a revu son fonctionnement num\u00e9rique.<\/p>\n<\/div>\t\t<\/div>\r\n\t\t\t<\/article>\r\n\t<article class=\"w-grid-item size_1x1 post-7774 post type-post status-publish format-standard has-post-thumbnail hentry category-affaires\" data-id=\"7774\">\r\n\t\t<div class=\"w-grid-item-h\">\r\n\t\t\t\t\t\t\t<a href=\"https:\/\/cronos-public-services.be\/fr\/comment-vdab-entend-renforcer-sa-politique-grace-a-lanalytique-rh\/\" class=\"w-grid-item-anchor\" aria-label=\"Comment VDAB entend renforcer sa politique gr\u00e2ce \u00e0 l\u2019analytique RH\"><\/a>\r\n\t\t\t\t\t\t<div class=\"w-post-elm post_taxonomy usg_post_taxonomy_1 has_text_color style_simple color_link_inherit\"><span class=\"term-38 term-affaires\">Affaires<\/span><\/div><div class=\"w-post-elm post_image usg_post_image_1 stretched\"><img decoding=\"async\" width=\"1024\" height=\"512\" data-src=\"https:\/\/cronos-public-services.be\/wp-content\/uploads\/2025\/05\/VDAB-cover-1024x512.png\" class=\"attachment-large size-large wp-post-image lazyload\" alt=\"\" data-srcset=\"https:\/\/cronos-public-services.be\/wp-content\/uploads\/2025\/05\/VDAB-cover-1024x512.png 1024w, https:\/\/cronos-public-services.be\/wp-content\/uploads\/2025\/05\/VDAB-cover-300x150.png 300w\" data-sizes=\"(max-width: 1024px) 100vw, 1024px\" src=\"data:image\/svg+xml;base64,PHN2ZyB3aWR0aD0iMSIgaGVpZ2h0PSIxIiB4bWxucz0iaHR0cDovL3d3dy53My5vcmcvMjAwMC9zdmciPjwvc3ZnPg==\" style=\"--smush-placeholder-width: 1024px; --smush-placeholder-aspect-ratio: 1024\/512;\" \/><\/div><h5 class=\"w-post-elm post_title usg_post_title_1 entry-title\">Comment VDAB entend renforcer sa politique gr\u00e2ce \u00e0 l\u2019analytique RH<\/h5><div class=\"w-post-elm post_content usg_post_content_1\"><p>Pour toute organisation, il est primordial de fonder ses choix politiques sur des informations fiables. C\u2019est la raison pour laquelle VDAB met de plus en plus l\u2019accent sur l\u2019analytique RH : une approche de gestion du personnel bas\u00e9e sur les donn\u00e9es, qui permet non seulement de travailler de mani\u00e8re plus efficace, mais aussi d\u2019anticiper les tendances et les d\u00e9fis de mani\u00e8re proactive. En collaboration avec Cronos Public Services, VDAB a lanc\u00e9 un programme visant \u00e0 ancrer durablement cette m\u00e9thode de travail dans ses op\u00e9rations.<\/p>\n<\/div>\t\t<\/div>\r\n\t\t\t<\/article>\r\n<\/div>\t<div class=\"w-grid-preloader\">\r\n\t\t<div class=\"g-preloader type_1\">\r\n\t\t\t<div><\/div>\r\n\t\t<\/div>\r\n\t<\/div>\r\n\t\t<div class=\"w-grid-json hidden\" onclick='return {&quot;action&quot;:&quot;us_ajax_grid&quot;,&quot;infinite_scroll&quot;:0,&quot;max_num_pages&quot;:13,&quot;pagination&quot;:&quot;none&quot;,&quot;template_vars&quot;:{&quot;columns&quot;:&quot;3&quot;,&quot;exclude_items&quot;:&quot;prev&quot;,&quot;img_size&quot;:&quot;default&quot;,&quot;ignore_items_size&quot;:0,&quot;items_layout&quot;:&quot;4489&quot;,&quot;items_offset&quot;:&quot;1&quot;,&quot;load_animation&quot;:&quot;none&quot;,&quot;overriding_link&quot;:&quot;%7B%22type%22%3A%22post%22%7D&quot;,&quot;post_id&quot;:0,&quot;query_args&quot;:{&quot;post_type&quot;:[&quot;post&quot;],&quot;post_status&quot;:[&quot;publish&quot;,&quot;acf-disabled&quot;],&quot;post__not_in&quot;:[8185,8074,8002,7905,7807],&quot;posts_per_page&quot;:&quot;9&quot;},&quot;orderby_query_args&quot;:{&quot;orderby&quot;:{&quot;menu_order&quot;:&quot;ASC&quot;},&quot;order&quot;:&quot;ASC&quot;},&quot;type&quot;:&quot;masonry&quot;,&quot;us_grid_post_type&quot;:&quot;post&quot;,&quot;us_grid_ajax_index&quot;:3,&quot;us_grid_filter_query_string&quot;:null,&quot;us_grid_index&quot;:3,&quot;page_args&quot;:[],&quot;lang&quot;:&quot;fr&quot;}}'><\/div>\r\n\t<\/div><\/div><\/div><\/div><div class=\"w-btn-wrapper align_center\"><a class=\"w-btn us-btn-style_1 us_custom_a61e2493\" title=\"Inspiration\" href=\"https:\/\/cronos-public-services.be\/fr\/inspiration\/\"><span class=\"w-btn-label\">Encore plus d&rsquo;inspiration<\/span><\/a><\/div><\/div><\/div><\/div><\/div><\/section><section class=\"l-section wpb_row height_large\"><div class=\"l-section-h i-cf\"><div class=\"g-cols vc_row via_grid cols_5-7 laptops-cols_inherit tablets-cols_inherit mobiles-cols_1 valign_top type_default stacking_default\" style=\"--columns-gap:4rem;\"><div class=\"wpb_column vc_column_container\"><div class=\"vc_column-inner\"><div class=\"g-cols wpb_row via_grid cols_2 laptops-cols_inherit tablets-cols_inherit mobiles-cols_1 valign_top type_default stacking_default\" style=\"--columns-gap:2rem;\"><div class=\"wpb_column vc_column_container\"><div class=\"vc_column-inner\"><div class=\"w-image us_custom_2e4ccd51 image-objectFit hide_on_mobiles has_height align_none\"><div class=\"w-image-h\"><img decoding=\"async\" width=\"683\" height=\"1024\" data-src=\"https:\/\/cronos-public-services.be\/wp-content\/uploads\/2021\/11\/about1-683x1024.jpg\" class=\"attachment-large size-large lazyload\" alt=\"\" data-srcset=\"https:\/\/cronos-public-services.be\/wp-content\/uploads\/2021\/11\/about1-683x1024.jpg 683w, https:\/\/cronos-public-services.be\/wp-content\/uploads\/2021\/11\/about1-200x300.jpg 200w, https:\/\/cronos-public-services.be\/wp-content\/uploads\/2021\/11\/about1-scaled.jpg 1707w\" data-sizes=\"auto, (max-width: 683px) 100vw, 683px\" src=\"data:image\/svg+xml;base64,PHN2ZyB3aWR0aD0iMSIgaGVpZ2h0PSIxIiB4bWxucz0iaHR0cDovL3d3dy53My5vcmcvMjAwMC9zdmciPjwvc3ZnPg==\" style=\"--smush-placeholder-width: 683px; --smush-placeholder-aspect-ratio: 683\/1024;\" \/><\/div><\/div><\/div><\/div><div class=\"wpb_column vc_column_container\"><div class=\"vc_column-inner\"><div class=\"w-separator size_custom\" style=\"height:12rem\" id=\"r2a6\"><style>@media(max-width:767px){ #r2a6{height:0!important}}<\/style><\/div><div class=\"w-image us_custom_2e4ccd51 image-objectFit has_height align_none\"><div class=\"w-image-h\"><img decoding=\"async\" width=\"683\" height=\"1024\" data-src=\"https:\/\/cronos-public-services.be\/wp-content\/uploads\/2021\/11\/about2-683x1024.jpg\" class=\"attachment-large size-large lazyload\" alt=\"\" data-srcset=\"https:\/\/cronos-public-services.be\/wp-content\/uploads\/2021\/11\/about2-683x1024.jpg 683w, https:\/\/cronos-public-services.be\/wp-content\/uploads\/2021\/11\/about2-200x300.jpg 200w, https:\/\/cronos-public-services.be\/wp-content\/uploads\/2021\/11\/about2-scaled.jpg 1707w\" data-sizes=\"auto, (max-width: 683px) 100vw, 683px\" src=\"data:image\/svg+xml;base64,PHN2ZyB3aWR0aD0iMSIgaGVpZ2h0PSIxIiB4bWxucz0iaHR0cDovL3d3dy53My5vcmcvMjAwMC9zdmciPjwvc3ZnPg==\" style=\"--smush-placeholder-width: 683px; --smush-placeholder-aspect-ratio: 683\/1024;\" \/><\/div><\/div><\/div><\/div><\/div><\/div><\/div><div class=\"wpb_column vc_column_container\"><div class=\"vc_column-inner\"><div class=\"g-cols wpb_row via_grid cols_1 laptops-cols_inherit tablets-cols_inherit mobiles-cols_1 valign_top type_default stacking_default\" style=\"--columns-gap:3rem;\"><div class=\"wpb_column vc_column_container\"><div class=\"vc_column-inner\"><div class=\"w-image us_custom_073cf93a align_none\"><div class=\"w-image-h\"><img decoding=\"async\" width=\"1024\" height=\"1024\" data-src=\"https:\/\/cronos-public-services.be\/wp-content\/uploads\/2021\/11\/arrow-down.svg\" class=\"attachment-large size-large lazyload\" alt=\"\" src=\"data:image\/svg+xml;base64,PHN2ZyB3aWR0aD0iMSIgaGVpZ2h0PSIxIiB4bWxucz0iaHR0cDovL3d3dy53My5vcmcvMjAwMC9zdmciPjwvc3ZnPg==\" style=\"--smush-placeholder-width: 1024px; --smush-placeholder-aspect-ratio: 1024\/1024;\" \/><\/div><\/div><div class=\"w-separator size_medium\"><\/div><div class=\"wpb_text_column\"><div class=\"wpb_wrapper\"><h3>Nous nous sp\u00e9cialisons dans les solutions strat\u00e9giques, cr\u00e9atives et technologiques pour aider notre client\u00e8le \u00e0 \u00e9voluer, et pour avoir un pr\u00e9cieux impact commun sur les services publics et les citoyens. Construisons ensemble un avenir sans fronti\u00e8res.<\/h3>\n<\/div><\/div><div class=\"w-separator size_small\"><\/div><div class=\"w-btn-wrapper align_none\"><a class=\"w-btn us-btn-style_2\" title=\"Contact\" href=\"https:\/\/cronos-public-services.be\/fr\/contact\/\"><span class=\"w-btn-label\">Contactez-nous !<\/span><\/a><\/div><\/div><\/div><\/div><\/div><\/div><\/div><\/div><\/section><style data-type=\"us_custom-css\">#section--nieuwsbrief .l-section-overlay{border-top-right-radius:10rem;border-bottom-right-radius:10rem}<\/style><section class=\"l-section wpb_row us_custom_bb3fc24d height_large\" id=\"section--nieuwsbrief\"><div class=\"l-section-overlay\" style=\"background:rgba(26,26,26,0.3)\"><\/div><div class=\"l-section-h i-cf\"><div class=\"g-cols vc_row via_grid cols_1 laptops-cols_inherit tablets-cols_inherit mobiles-cols_1 valign_top type_default stacking_default\"><div class=\"wpb_column vc_column_container\"><div class=\"vc_column-inner\"><div class=\"g-cols wpb_row via_grid cols_2-1 laptops-cols_inherit tablets-cols_inherit mobiles-cols_1 valign_middle type_default stacking_default\" style=\"--columns-gap:3rem;\"><div class=\"wpb_column vc_column_container\"><div class=\"vc_column-inner\"><div class=\"wpb_text_column us_custom_6df4bc3a has_text_color\"><div class=\"wpb_wrapper\"><h3><strong>Notre newsletter propose actualit\u00e9s pertinentes et autres cas passionnants chaque trimestre. Inscrivez-vous ici pour la recevoir. <\/strong><\/h3>\n<\/div><\/div><\/div><\/div><div class=\"wpb_column vc_column_container\"><div class=\"vc_column-inner\"><div class=\"w-btn-wrapper align_center\"><a class=\"w-btn us-btn-style_2\" title=\"Newsletter\" href=\"https:\/\/cronos-public-services.be\/fr\/newsletter\/\"><span class=\"w-btn-label\">Inscrivez-vous<\/span><\/a><\/div><\/div><\/div><\/div><\/div><\/div><\/div><\/div><\/section>\n\n","protected":false},"excerpt":{"rendered":"Pour toute organisation, il est primordial de fonder ses choix politiques sur des informations fiables. C\u2019est la raison pour laquelle VDAB met de plus en plus l\u2019accent sur l\u2019analytique RH : une approche de gestion du personnel bas\u00e9e sur les donn\u00e9es, qui permet non seulement de travailler de mani\u00e8re plus efficace, mais aussi d\u2019anticiper les...","protected":false},"author":8,"featured_media":0,"parent":0,"menu_order":0,"comment_status":"closed","ping_status":"open","template":"","meta":{"_acf_changed":false,"footnotes":""},"class_list":["post-4307","page","type-page","status-publish","hentry"],"acf":[],"yoast_head":"<!-- This site is optimized with the Yoast SEO plugin v27.4 - https:\/\/yoast.com\/product\/yoast-seo-wordpress\/ -->\n<title>Accueil - Cronos Public Services<\/title>\n<meta name=\"robots\" content=\"index, follow, max-snippet:-1, max-image-preview:large, max-video-preview:-1\" \/>\n<link rel=\"canonical\" href=\"https:\/\/cronos-public-services.be\/fr\/\" \/>\n<meta property=\"og:locale\" content=\"fr_FR\" \/>\n<meta property=\"og:type\" content=\"article\" \/>\n<meta property=\"og:title\" content=\"Accueil - Cronos Public Services\" \/>\n<meta property=\"og:url\" content=\"https:\/\/cronos-public-services.be\/fr\/\" \/>\n<meta property=\"og:site_name\" content=\"Cronos Public Services\" \/>\n<meta property=\"article:modified_time\" content=\"2022-04-25T14:56:06+00:00\" \/>\n<meta name=\"twitter:card\" content=\"summary_large_image\" \/>\n<meta name=\"twitter:label1\" content=\"Dur\u00e9e de lecture estim\u00e9e\" \/>\n\t<meta name=\"twitter:data1\" content=\"1 minute\" \/>\n<script type=\"application\/ld+json\" class=\"yoast-schema-graph\">{\"@context\":\"https:\\\/\\\/schema.org\",\"@graph\":[{\"@type\":\"WebPage\",\"@id\":\"https:\\\/\\\/cronos-public-services.be\\\/fr\\\/\",\"url\":\"https:\\\/\\\/cronos-public-services.be\\\/fr\\\/\",\"name\":\"Accueil - Cronos Public Services\",\"isPartOf\":{\"@id\":\"https:\\\/\\\/cronos-public-services.be\\\/fr\\\/#website\"},\"datePublished\":\"2022-04-14T13:34:49+00:00\",\"dateModified\":\"2022-04-25T14:56:06+00:00\",\"breadcrumb\":{\"@id\":\"https:\\\/\\\/cronos-public-services.be\\\/fr\\\/#breadcrumb\"},\"inLanguage\":\"fr-FR\",\"potentialAction\":[{\"@type\":\"ReadAction\",\"target\":[\"https:\\\/\\\/cronos-public-services.be\\\/fr\\\/\"]}]},{\"@type\":\"BreadcrumbList\",\"@id\":\"https:\\\/\\\/cronos-public-services.be\\\/fr\\\/#breadcrumb\",\"itemListElement\":[{\"@type\":\"ListItem\",\"position\":1,\"name\":\"Home\",\"item\":\"https:\\\/\\\/cronos-public-services.be\\\/fr\\\/\"},{\"@type\":\"ListItem\",\"position\":2,\"name\":\"Accueil\"}]},{\"@type\":\"WebSite\",\"@id\":\"https:\\\/\\\/cronos-public-services.be\\\/fr\\\/#website\",\"url\":\"https:\\\/\\\/cronos-public-services.be\\\/fr\\\/\",\"name\":\"Cronos Public Services\",\"description\":\"\",\"potentialAction\":[{\"@type\":\"SearchAction\",\"target\":{\"@type\":\"EntryPoint\",\"urlTemplate\":\"https:\\\/\\\/cronos-public-services.be\\\/fr\\\/?s={search_term_string}\"},\"query-input\":{\"@type\":\"PropertyValueSpecification\",\"valueRequired\":true,\"valueName\":\"search_term_string\"}}],\"inLanguage\":\"fr-FR\"}]}<\/script>\n<!-- \/ Yoast SEO plugin. -->","yoast_head_json":{"title":"Accueil - Cronos Public Services","robots":{"index":"index","follow":"follow","max-snippet":"max-snippet:-1","max-image-preview":"max-image-preview:large","max-video-preview":"max-video-preview:-1"},"canonical":"https:\/\/cronos-public-services.be\/fr\/","og_locale":"fr_FR","og_type":"article","og_title":"Accueil - Cronos Public Services","og_url":"https:\/\/cronos-public-services.be\/fr\/","og_site_name":"Cronos Public Services","article_modified_time":"2022-04-25T14:56:06+00:00","twitter_card":"summary_large_image","twitter_misc":{"Dur\u00e9e de lecture estim\u00e9e":"1 minute"},"schema":{"@context":"https:\/\/schema.org","@graph":[{"@type":"WebPage","@id":"https:\/\/cronos-public-services.be\/fr\/","url":"https:\/\/cronos-public-services.be\/fr\/","name":"Accueil - Cronos Public Services","isPartOf":{"@id":"https:\/\/cronos-public-services.be\/fr\/#website"},"datePublished":"2022-04-14T13:34:49+00:00","dateModified":"2022-04-25T14:56:06+00:00","breadcrumb":{"@id":"https:\/\/cronos-public-services.be\/fr\/#breadcrumb"},"inLanguage":"fr-FR","potentialAction":[{"@type":"ReadAction","target":["https:\/\/cronos-public-services.be\/fr\/"]}]},{"@type":"BreadcrumbList","@id":"https:\/\/cronos-public-services.be\/fr\/#breadcrumb","itemListElement":[{"@type":"ListItem","position":1,"name":"Home","item":"https:\/\/cronos-public-services.be\/fr\/"},{"@type":"ListItem","position":2,"name":"Accueil"}]},{"@type":"WebSite","@id":"https:\/\/cronos-public-services.be\/fr\/#website","url":"https:\/\/cronos-public-services.be\/fr\/","name":"Cronos Public Services","description":"","potentialAction":[{"@type":"SearchAction","target":{"@type":"EntryPoint","urlTemplate":"https:\/\/cronos-public-services.be\/fr\/?s={search_term_string}"},"query-input":{"@type":"PropertyValueSpecification","valueRequired":true,"valueName":"search_term_string"}}],"inLanguage":"fr-FR"}]}},"_links":{"self":[{"href":"https:\/\/cronos-public-services.be\/fr\/wp-json\/wp\/v2\/pages\/4307","targetHints":{"allow":["GET"]}}],"collection":[{"href":"https:\/\/cronos-public-services.be\/fr\/wp-json\/wp\/v2\/pages"}],"about":[{"href":"https:\/\/cronos-public-services.be\/fr\/wp-json\/wp\/v2\/types\/page"}],"author":[{"embeddable":true,"href":"https:\/\/cronos-public-services.be\/fr\/wp-json\/wp\/v2\/users\/8"}],"replies":[{"embeddable":true,"href":"https:\/\/cronos-public-services.be\/fr\/wp-json\/wp\/v2\/comments?post=4307"}],"version-history":[{"count":6,"href":"https:\/\/cronos-public-services.be\/fr\/wp-json\/wp\/v2\/pages\/4307\/revisions"}],"predecessor-version":[{"id":4713,"href":"https:\/\/cronos-public-services.be\/fr\/wp-json\/wp\/v2\/pages\/4307\/revisions\/4713"}],"wp:attachment":[{"href":"https:\/\/cronos-public-services.be\/fr\/wp-json\/wp\/v2\/media?parent=4307"}],"curies":[{"name":"wp","href":"https:\/\/api.w.org\/{rel}","templated":true}]}}